{"id":29012,"date":"2024-07-08T14:16:15","date_gmt":"2024-07-08T12:16:15","guid":{"rendered":"https:\/\/centreliv.yetinc.ch\/?page_id=29012"},"modified":"2025-03-14T14:30:16","modified_gmt":"2025-03-14T13:30:16","slug":"pros-de-la-sante","status":"publish","type":"page","link":"https:\/\/drvincentvilla.ch\/en\/pros-de-la-sante\/","title":{"rendered":"Health professionals"},"content":{"rendered":"<p>[et_pb_section fb_built=\u00a0\u00bb1&Prime; _builder_version=\u00a0\u00bb4.26.1&Prime; _module_preset=\u00a0\u00bbdefault\u00a0\u00bb background_color=\u00a0\u00bb#000000&Prime; custom_padding=\u00a0\u00bb10px||10px||false|false\u00a0\u00bb global_colors_info=\u00a0\u00bb{}\u00a0\u00bb][et_pb_row column_structure=\u00a0\u00bb1_2,1_2&Prime; _builder_version=\u00a0\u00bb4.26.1&Prime; _module_preset=\u00a0\u00bbdefault\u00a0\u00bb background_color=\u00a0\u00bb#1b2e44&Prime; width=\u00a0\u00bb99%\u00a0\u00bb max_width=\u00a0\u00bb2560px\u00a0\u00bb module_alignment=\u00a0\u00bbright\u00a0\u00bb border_radii=\u00a0\u00bboff|45px|||45px\u00a0\u00bb global_colors_info=\u00a0\u00bb{}\u00a0\u00bb][et_pb_column type=\u00a0\u00bb1_2&Prime; _builder_version=\u00a0\u00bb4.26.0&Prime; _module_preset=\u00a0\u00bbdefault\u00a0\u00bb global_colors_info=\u00a0\u00bb{}\u00a0\u00bb][et_pb_text _builder_version=\u00a0\u00bb4.26.1&Prime; _module_preset=\u00a0\u00bbdefault\u00a0\u00bb header_font_size=\u00a0\u00bb42px\u00a0\u00bb custom_margin=\u00a0\u00bb22vh||2vh|10vh|false|false\u00a0\u00bb custom_margin_tablet=\u00a0\u00bb25vh||2vh|10vh|false|false\u00a0\u00bb custom_margin_phone=\u00a0\u00bb25vh|2vh|2vh|2vh|false|false\u00a0\u00bb custom_margin_last_edited=\u00a0\u00bbon|phone\u00a0\u00bb header_font_size_tablet=\u00a0\u00bb42px\u00a0\u00bb global_colors_info=\u00a0\u00bb{}\u00a0\u00bb]<\/p>\n<h1><span style=\"color: #ffffff;\">Professionnels-lles de la sant\u00e9, ensemble, prenons soin de nos patients<\/span><\/h1>\n<p>[\/et_pb_text][et_pb_divider color=\u00a0\u00bb#FFFFFF\u00a0\u00bb divider_weight=\u00a0\u00bb3px\u00a0\u00bb _builder_version=\u00a0\u00bb4.26.1&Prime; _module_preset=\u00a0\u00bbdefault\u00a0\u00bb max_width=\u00a0\u00bb75%\u00a0\u00bb custom_margin=\u00a0\u00bb||3vh|10vh|false|false\u00a0\u00bb custom_margin_tablet=\u00a0\u00bb||2vh|10vh|false|false\u00a0\u00bb custom_margin_phone=\u00a0\u00bb||3vh|2vh|false|false\u00a0\u00bb custom_margin_last_edited=\u00a0\u00bbon|phone\u00a0\u00bb global_colors_info=\u00a0\u00bb{}\u00a0\u00bb][\/et_pb_divider][et_pb_text _builder_version=\u00a0\u00bb4.27.4&Prime; _module_preset=\u00a0\u00bbdefault\u00a0\u00bb text_font_size=\u00a0\u00bb17px\u00a0\u00bb custom_margin=\u00a0\u00bb||8vh|10vh|false|false\u00a0\u00bb custom_margin_tablet=\u00a0\u00bb||5vh|10vh|false|false\u00a0\u00bb custom_margin_phone=\u00a0\u00bb|2vh|20vh|2vh|false|false\u00a0\u00bb custom_margin_last_edited=\u00a0\u00bbon|phone\u00a0\u00bb hover_enabled=\u00a0\u00bb0&Prime; global_colors_info=\u00a0\u00bb{}\u00a0\u00bb sticky_enabled=\u00a0\u00bb0&Prime;]<span style=\"color: #ffffff;\">Situ\u00e9 \u00e0 Neuch\u00e2tel, Montreux, La Chaux-de-Fond et Gen\u00e8ve, nos Centres Ost\u00e9o Articulaire sont situ\u00e9s proche des transports en commun, des parkings et des h\u00f4pitaux<\/span>[\/et_pb_text][\/et_pb_column][et_pb_column type=\u00a0\u00bb1_2&Prime; _builder_version=\u00a0\u00bb4.26.0&Prime; _module_preset=\u00a0\u00bbdefault\u00a0\u00bb global_colors_info=\u00a0\u00bb{}\u00a0\u00bb][\/et_pb_column][\/et_pb_row][et_pb_row column_structure=\u00a0\u00bb1_2,1_2&Prime; _builder_version=\u00a0\u00bb4.26.1&Prime; _module_preset=\u00a0\u00bbdefault\u00a0\u00bb width=\u00a0\u00bb100%\u00a0\u00bb max_width=\u00a0\u00bb2560px\u00a0\u00bb custom_margin=\u00a0\u00bb0px||0px||true|false\u00a0\u00bb custom_padding=\u00a0\u00bb0px||0px||true|false\u00a0\u00bb locked=\u00a0\u00bboff\u00a0\u00bb global_colors_info=\u00a0\u00bb{}\u00a0\u00bb][et_pb_column type=\u00a0\u00bb1_2&Prime; _builder_version=\u00a0\u00bb4.26.0&Prime; _module_preset=\u00a0\u00bbdefault\u00a0\u00bb global_colors_info=\u00a0\u00bb{}\u00a0\u00bb][\/et_pb_column][et_pb_column type=\u00a0\u00bb1_2&Prime; _builder_version=\u00a0\u00bb4.26.0&Prime; _module_preset=\u00a0\u00bbdefault\u00a0\u00bb global_colors_info=\u00a0\u00bb{}\u00a0\u00bb][et_pb_image src=\u00a0\u00bbhttps:\/\/drvincentvilla.ch\/wp-content\/uploads\/2024\/07\/priscilla-du-preez-aPa843frIzI-unsplash-scaled.jpg\u00a0\u00bb title_text=\u00a0\u00bbpriscilla-du-preez-aPa843frIzI-unsplash\u00a0\u00bb show_bottom_space=\u00a0\u00bboff\u00a0\u00bb align=\u00a0\u00bbright\u00a0\u00bb _builder_version=\u00a0\u00bb4.27.0&Prime; _module_preset=\u00a0\u00bbdefault\u00a0\u00bb transform_translate=\u00a0\u00bb0px|112px\u00a0\u00bb transform_translate_linked=\u00a0\u00bboff\u00a0\u00bb max_width=\u00a0\u00bb70%\u00a0\u00bb max_width_tablet=\u00a0\u00bb70%\u00a0\u00bb max_width_phone=\u00a0\u00bb100%\u00a0\u00bb max_width_last_edited=\u00a0\u00bbon|phone\u00a0\u00bb module_alignment=\u00a0\u00bbright\u00a0\u00bb max_height=\u00a0\u00bb688px\u00a0\u00bb custom_margin=\u00a0\u00bb-600px||||false|false\u00a0\u00bb custom_margin_tablet=\u00a0\u00bb-130px||||false|false\u00a0\u00bb custom_margin_phone=\u00a0\u00bb-200px||||false|false\u00a0\u00bb custom_margin_last_edited=\u00a0\u00bbon|phone\u00a0\u00bb custom_padding=\u00a0\u00bb|10vh|0vh||false|false\u00a0\u00bb custom_padding_tablet=\u00a0\u00bb|10vh|0vh||false|false\u00a0\u00bb custom_padding_phone=\u00a0\u00bb|7vh|0vh|7vh|false|true\u00a0\u00bb custom_padding_last_edited=\u00a0\u00bbon|phone\u00a0\u00bb animation_style=\u00a0\u00bbfade\u00a0\u00bb border_radii=\u00a0\u00bbon|45px|45px|45px|45px\u00a0\u00bb border_width_all=\u00a0\u00bb3px\u00a0\u00bb border_color_all=\u00a0\u00bb#FFFFFF\u00a0\u00bb global_colors_info=\u00a0\u00bb{}\u00a0\u00bb][\/et_pb_image][\/et_pb_column][\/et_pb_row][\/et_pb_section][et_pb_section fb_built=\u00a0\u00bb1&Prime; _builder_version=\u00a0\u00bb4.26.1&Prime; _module_preset=\u00a0\u00bbdefault\u00a0\u00bb background_color=\u00a0\u00bb#000000&Prime; custom_padding=\u00a0\u00bb10px||10px||false|false\u00a0\u00bb global_colors_info=\u00a0\u00bb{}\u00a0\u00bb][et_pb_row column_structure=\u00a0\u00bb1_2,1_2&Prime; _builder_version=\u00a0\u00bb4.26.1&Prime; _module_preset=\u00a0\u00bbdefault\u00a0\u00bb background_color=\u00a0\u00bb#1b2e44&Prime; width=\u00a0\u00bb99%\u00a0\u00bb max_width=\u00a0\u00bb2560px\u00a0\u00bb module_alignment=\u00a0\u00bbright\u00a0\u00bb custom_margin=\u00a0\u00bb-40px||||false|false\u00a0\u00bb custom_padding=\u00a0\u00bb10vh||10vh||true|false\u00a0\u00bb border_radii=\u00a0\u00bboff|45px|||45px\u00a0\u00bb global_colors_info=\u00a0\u00bb{}\u00a0\u00bb][et_pb_column type=\u00a0\u00bb1_2&Prime; _builder_version=\u00a0\u00bb4.26.0&Prime; _module_preset=\u00a0\u00bbdefault\u00a0\u00bb global_colors_info=\u00a0\u00bb{}\u00a0\u00bb][et_pb_text _builder_version=\u00a0\u00bb4.26.1&Prime; _module_preset=\u00a0\u00bbdefault\u00a0\u00bb custom_margin=\u00a0\u00bb15vh||2vh|10vh|false|false\u00a0\u00bb custom_margin_tablet=\u00a0\u00bb18vh||0px|12vw|false|false\u00a0\u00bb custom_margin_phone=\u00a0\u00bb13vh|2vh|0px|2vh|false|false\u00a0\u00bb custom_margin_last_edited=\u00a0\u00bbon|phone\u00a0\u00bb custom_padding=\u00a0\u00bb|||0px|false|false\u00a0\u00bb header_2_font_size_tablet=\u00a0\u00bb35px\u00a0\u00bb global_colors_info=\u00a0\u00bb{}\u00a0\u00bb]<\/p>\n<h2><span style=\"color: #ffffff;\">Demande de consultation<br \/>pour votre patient-e<\/span><\/h2>\n<p>[\/et_pb_text][et_pb_text _builder_version=\u00a0\u00bb4.26.1&Prime; _module_preset=\u00a0\u00bbdefault\u00a0\u00bb text_font_size=\u00a0\u00bb17px\u00a0\u00bb custom_margin=\u00a0\u00bb||10vh|10vh|false|false\u00a0\u00bb custom_margin_tablet=\u00a0\u00bb||5vh|10vh|false|false\u00a0\u00bb custom_margin_phone=\u00a0\u00bb2vh|2vh||2vh|false|false\u00a0\u00bb custom_margin_last_edited=\u00a0\u00bbon|phone\u00a0\u00bb global_colors_info=\u00a0\u00bb{}\u00a0\u00bb]<\/p>\n<p><span style=\"color: #ffffff;\">Nous prenons soin de vos assur\u00e9s. Les demandes en lien avec les assurances doivent \u00eatre justifi\u00e9es par une raison expliquant la raison de votre demande. Les demandes re\u00e7ues jug\u00e9es non recevables par nos services seront supprim\u00e9es.<\/span><\/p>\n<p>[\/et_pb_text][et_pb_button button_url=\u00a0\u00bb@ET-DC@eyJkeW5hbWljIjp0cnVlLCJjb250ZW50IjoicG9zdF9saW5rX3VybF9wYWdlIiwic2V0dGluZ3MiOnsicG9zdF9pZCI6IjI5MDE3In19@\u00a0\u00bb button_text=\u00a0\u00bbDemande de consultation\u00a0\u00bb _builder_version=\u00a0\u00bb4.26.1&Prime; _dynamic_attributes=\u00a0\u00bbbutton_url\u00a0\u00bb _module_preset=\u00a0\u00bbdefault\u00a0\u00bb custom_button=\u00a0\u00bbon\u00a0\u00bb button_text_size=\u00a0\u00bb22px\u00a0\u00bb button_text_color=\u00a0\u00bb#FFFFFF\u00a0\u00bb custom_margin=\u00a0\u00bb||10vh|10vh|false|false\u00a0\u00bb custom_margin_tablet=\u00a0\u00bb||10vh|10vh|false|false\u00a0\u00bb custom_margin_phone=\u00a0\u00bb||3vh|2vh|false|false\u00a0\u00bb custom_margin_last_edited=\u00a0\u00bbon|phone\u00a0\u00bb custom_padding=\u00a0\u00bb2vh|4vh|2vh|4vh|true|true\u00a0\u00bb custom_padding_tablet=\u00a0\u00bb2vh|4vh|2vh|4vh|true|true\u00a0\u00bb custom_padding_phone=\u00a0\u00bb1vh|3vh|1vh|3vh|true|true\u00a0\u00bb custom_padding_last_edited=\u00a0\u00bbon|phone\u00a0\u00bb global_colors_info=\u00a0\u00bb{}\u00a0\u00bb][\/et_pb_button][\/et_pb_column][et_pb_column type=\u00a0\u00bb1_2&Prime; _builder_version=\u00a0\u00bb4.26.0&Prime; _module_preset=\u00a0\u00bbdefault\u00a0\u00bb global_colors_info=\u00a0\u00bb{}\u00a0\u00bb][et_pb_image src=\u00a0\u00bbhttps:\/\/drvincentvilla.ch\/wp-content\/uploads\/2024\/07\/marcelo-leal-k7ll1hpdhFA-unsplash-1-scaled.jpg\u00a0\u00bb title_text=\u00a0\u00bbmarcelo-leal-k7ll1hpdhFA-unsplash\u00a0\u00bb _builder_version=\u00a0\u00bb4.26.1&Prime; _module_preset=\u00a0\u00bbdefault\u00a0\u00bb custom_margin=\u00a0\u00bb11vh||||false|false\u00a0\u00bb custom_margin_tablet=\u00a0\u00bb11vh||||false|false\u00a0\u00bb custom_margin_phone=\u00a0\u00bb0vh||5vh||false|false\u00a0\u00bb custom_margin_last_edited=\u00a0\u00bbon|phone\u00a0\u00bb border_radii=\u00a0\u00bboff|45px|||45px\u00a0\u00bb global_colors_info=\u00a0\u00bb{}\u00a0\u00bb][\/et_pb_image][\/et_pb_column][\/et_pb_row][\/et_pb_section][et_pb_section fb_built=\u00a0\u00bb1&Prime; _builder_version=\u00a0\u00bb4.26.1&Prime; _module_preset=\u00a0\u00bbdefault\u00a0\u00bb background_color=\u00a0\u00bb#000000&Prime; custom_padding=\u00a0\u00bb10px||10px||false|false\u00a0\u00bb global_colors_info=\u00a0\u00bb{}\u00a0\u00bb][et_pb_row column_structure=\u00a0\u00bb1_2,1_2&Prime; _builder_version=\u00a0\u00bb4.26.1&Prime; _module_preset=\u00a0\u00bbdefault\u00a0\u00bb background_color=\u00a0\u00bb#519872&Prime; width=\u00a0\u00bb99%\u00a0\u00bb max_width=\u00a0\u00bb2560px\u00a0\u00bb module_alignment=\u00a0\u00bbright\u00a0\u00bb custom_margin=\u00a0\u00bb||||false|false\u00a0\u00bb border_radii=\u00a0\u00bboff|45px|||45px\u00a0\u00bb global_colors_info=\u00a0\u00bb{}\u00a0\u00bb][et_pb_column type=\u00a0\u00bb1_2&Prime; _builder_version=\u00a0\u00bb4.26.0&Prime; _module_preset=\u00a0\u00bbdefault\u00a0\u00bb global_colors_info=\u00a0\u00bb{}\u00a0\u00bb][et_pb_image src=\u00a0\u00bbhttps:\/\/drvincentvilla.ch\/wp-content\/uploads\/2024\/07\/national-cancer-institute-NFvdKIhxYlU-unsplash-scaled.jpg\u00a0\u00bb title_text=\u00a0\u00bbnational-cancer-institute-NFvdKIhxYlU-unsplash\u00a0\u00bb _builder_version=\u00a0\u00bb4.26.1&Prime; _module_preset=\u00a0\u00bbdefault\u00a0\u00bb custom_margin=\u00a0\u00bb10vh||10vh||true|false\u00a0\u00bb custom_margin_tablet=\u00a0\u00bb11vh||||false|false\u00a0\u00bb custom_margin_phone=\u00a0\u00bb5vh||0vh||false|false\u00a0\u00bb custom_margin_last_edited=\u00a0\u00bbon|phone\u00a0\u00bb border_radii=\u00a0\u00bboff||45px|45px|\u00a0\u00bb global_colors_info=\u00a0\u00bb{}\u00a0\u00bb][\/et_pb_image][\/et_pb_column][et_pb_column type=\u00a0\u00bb1_2&Prime; _builder_version=\u00a0\u00bb4.26.0&Prime; _module_preset=\u00a0\u00bbdefault\u00a0\u00bb global_colors_info=\u00a0\u00bb{}\u00a0\u00bb][et_pb_text _builder_version=\u00a0\u00bb4.26.1&Prime; _module_preset=\u00a0\u00bbdefault\u00a0\u00bb custom_margin=\u00a0\u00bb18vh|10vh|2vh|0px|false|false\u00a0\u00bb custom_margin_tablet=\u00a0\u00bb18vh||0px|12vw|false|false\u00a0\u00bb custom_margin_phone=\u00a0\u00bb0vh|2vh|0px|2vh|false|false\u00a0\u00bb custom_margin_last_edited=\u00a0\u00bbon|phone\u00a0\u00bb custom_padding=\u00a0\u00bb|||0px|false|false\u00a0\u00bb header_2_font_size_tablet=\u00a0\u00bb35px\u00a0\u00bb global_colors_info=\u00a0\u00bb{}\u00a0\u00bb]<\/p>\n<h2><span style=\"color: #ffffff;\">Demande de documents en lien avec vos patients-es trait\u00e9s au Centre Ost\u00e9o Articulaire<\/span><\/h2>\n<p>[\/et_pb_text][et_pb_text _builder_version=\u00a0\u00bb4.26.1&Prime; _module_preset=\u00a0\u00bbdefault\u00a0\u00bb text_font_size=\u00a0\u00bb17px\u00a0\u00bb custom_margin=\u00a0\u00bb|10vh|5vh|0px|false|false\u00a0\u00bb custom_margin_tablet=\u00a0\u00bb||5vh|0px|false|false\u00a0\u00bb custom_margin_phone=\u00a0\u00bb2vh|2vh|5vh|2vh|false|false\u00a0\u00bb custom_margin_last_edited=\u00a0\u00bbon|phone\u00a0\u00bb global_colors_info=\u00a0\u00bb{}\u00a0\u00bb]<\/p>\n<p><span style=\"color: #ffffff;\">Vous cherchez un document en lien avec une consultation effectu\u00e9e par notre centre ? Merci d&rsquo;utiliser le formulaire ci-dessous. En cas de doute de notre part, nous nous permettrons de prendre contact avec le-a patient-e pour demander la raison de cette demande conform\u00e9ment \u00e0 notre politique de transmission et de stockage des donn\u00e9es m\u00e9dicales.<\/span><\/p>\n<p>[\/et_pb_text][et_pb_button button_url=\u00a0\u00bb@ET-DC@eyJkeW5hbWljIjp0cnVlLCJjb250ZW50IjoicG9zdF9saW5rX3VybF9wYWdlIiwic2V0dGluZ3MiOnsicG9zdF9pZCI6IjI5MDE5In19@\u00a0\u00bb button_text=\u00a0\u00bbDemande de documents\u00a0\u00bb _builder_version=\u00a0\u00bb4.26.1&Prime; _dynamic_attributes=\u00a0\u00bbbutton_url\u00a0\u00bb _module_preset=\u00a0\u00bbdefault\u00a0\u00bb custom_button=\u00a0\u00bbon\u00a0\u00bb button_text_size=\u00a0\u00bb22px\u00a0\u00bb button_text_color=\u00a0\u00bb#FFFFFF\u00a0\u00bb custom_margin=\u00a0\u00bb||7vh|0px|false|false\u00a0\u00bb custom_margin_tablet=\u00a0\u00bb||7vh|0px|false|false\u00a0\u00bb custom_margin_phone=\u00a0\u00bb||5vh|2vh|false|false\u00a0\u00bb custom_margin_last_edited=\u00a0\u00bbon|phone\u00a0\u00bb custom_padding=\u00a0\u00bb2vh|4vh|2vh|4vh|true|true\u00a0\u00bb custom_padding_tablet=\u00a0\u00bb2vh|4vh|2vh|4vh|true|true\u00a0\u00bb custom_padding_phone=\u00a0\u00bb1vh|3vh|1vh|3vh|true|true\u00a0\u00bb custom_padding_last_edited=\u00a0\u00bbon|phone\u00a0\u00bb global_colors_info=\u00a0\u00bb{}\u00a0\u00bb][\/et_pb_button][\/et_pb_column][\/et_pb_row][\/et_pb_section][et_pb_section fb_built=\u00a0\u00bb1&Prime; _builder_version=\u00a0\u00bb4.26.1&Prime; _module_preset=\u00a0\u00bbdefault\u00a0\u00bb background_color=\u00a0\u00bb#000000&Prime; custom_padding=\u00a0\u00bb10px||10px||false|false\u00a0\u00bb global_colors_info=\u00a0\u00bb{}\u00a0\u00bb][et_pb_row column_structure=\u00a0\u00bb1_2,1_2&Prime; _builder_version=\u00a0\u00bb4.26.1&Prime; _module_preset=\u00a0\u00bbdefault\u00a0\u00bb background_color=\u00a0\u00bb#1b2e44&Prime; width=\u00a0\u00bb99%\u00a0\u00bb max_width=\u00a0\u00bb2560px\u00a0\u00bb module_alignment=\u00a0\u00bbright\u00a0\u00bb custom_margin=\u00a0\u00bb||||false|false\u00a0\u00bb border_radii=\u00a0\u00bboff|45px|||45px\u00a0\u00bb global_colors_info=\u00a0\u00bb{}\u00a0\u00bb][et_pb_column type=\u00a0\u00bb1_2&Prime; _builder_version=\u00a0\u00bb4.26.0&Prime; _module_preset=\u00a0\u00bbdefault\u00a0\u00bb global_colors_info=\u00a0\u00bb{}\u00a0\u00bb][et_pb_text _builder_version=\u00a0\u00bb4.26.1&Prime; _module_preset=\u00a0\u00bbdefault\u00a0\u00bb custom_margin=\u00a0\u00bb18vh||2vh|10vh|false|false\u00a0\u00bb custom_margin_tablet=\u00a0\u00bb18vh||0px|12vw|false|false\u00a0\u00bb custom_margin_phone=\u00a0\u00bb6vh|2vh|0px|2vh|false|false\u00a0\u00bb custom_margin_last_edited=\u00a0\u00bbon|phone\u00a0\u00bb custom_padding=\u00a0\u00bb|||0px|false|false\u00a0\u00bb header_2_font_size_tablet=\u00a0\u00bb35px\u00a0\u00bb global_colors_info=\u00a0\u00bb{}\u00a0\u00bb]<\/p>\n<h2><span style=\"color: #ffffff;\">Demander les r\u00e9sultats d&rsquo;examen de vos patients-es trait\u00e9s<br \/>au Centre Ost\u00e9o Articulaire<\/span><\/h2>\n<p>[\/et_pb_text][et_pb_text _builder_version=\u00a0\u00bb4.26.1&Prime; _module_preset=\u00a0\u00bbdefault\u00a0\u00bb text_font_size=\u00a0\u00bb17px\u00a0\u00bb custom_margin=\u00a0\u00bb||5vh|10vh|false|false\u00a0\u00bb custom_margin_tablet=\u00a0\u00bb||5vh|10vh|false|false\u00a0\u00bb custom_margin_phone=\u00a0\u00bb2vh|2vh|5vh|2vh|false|true\u00a0\u00bb custom_margin_last_edited=\u00a0\u00bbon|phone\u00a0\u00bb global_colors_info=\u00a0\u00bb{}\u00a0\u00bb]<\/p>\n<p><span style=\"color: #ffffff;\">Vous cherchez les r\u00e9sultats d&rsquo;examens en lien avec une consultation effectu\u00e9e par notre centre ? Merci d&rsquo;utiliser le formulaire ci-dessous. En cas de doute de notre part, nous nous permettrons de prendre contact avec le-a patient-e pour demander la raison de cette demande conform\u00e9ment \u00e0 notre politique de transmission et de stockage des donn\u00e9es m\u00e9dicales.<\/span><\/p>\n<p>[\/et_pb_text][et_pb_button button_url=\u00a0\u00bb@ET-DC@eyJkeW5hbWljIjp0cnVlLCJjb250ZW50IjoicG9zdF9saW5rX3VybF9wYWdlIiwic2V0dGluZ3MiOnsicG9zdF9pZCI6IjI5MDIxIn19@\u00a0\u00bb button_text=\u00a0\u00bbDemande de R\u00e9sultats d&rsquo;examen\u00a0\u00bb _builder_version=\u00a0\u00bb4.26.1&Prime; _dynamic_attributes=\u00a0\u00bbbutton_url\u00a0\u00bb _module_preset=\u00a0\u00bbdefault\u00a0\u00bb custom_button=\u00a0\u00bbon\u00a0\u00bb button_text_size=\u00a0\u00bb22px\u00a0\u00bb button_text_color=\u00a0\u00bb#FFFFFF\u00a0\u00bb custom_margin=\u00a0\u00bb|||10vh|false|false\u00a0\u00bb custom_margin_tablet=\u00a0\u00bb||10vh|10vh|false|false\u00a0\u00bb custom_margin_phone=\u00a0\u00bb|2vh|3vh|2vh|false|false\u00a0\u00bb custom_margin_last_edited=\u00a0\u00bbon|phone\u00a0\u00bb custom_padding=\u00a0\u00bb2vh|4vh|2vh|4vh|true|true\u00a0\u00bb custom_padding_tablet=\u00a0\u00bb2vh|4vh|2vh|4vh|true|true\u00a0\u00bb custom_padding_phone=\u00a0\u00bb1vh|3vh|1vh|3vh|true|true\u00a0\u00bb custom_padding_last_edited=\u00a0\u00bbon|phone\u00a0\u00bb global_colors_info=\u00a0\u00bb{}\u00a0\u00bb][\/et_pb_button][\/et_pb_column][et_pb_column type=\u00a0\u00bb1_2&Prime; _builder_version=\u00a0\u00bb4.26.0&Prime; _module_preset=\u00a0\u00bbdefault\u00a0\u00bb global_colors_info=\u00a0\u00bb{}\u00a0\u00bb][et_pb_image src=\u00a0\u00bbhttps:\/\/drvincentvilla.ch\/wp-content\/uploads\/2024\/07\/Photo-2-pour-Article-SwissMedicalNetwork_Nathan-Stampfli-Yetinc-2.jpg\u00a0\u00bb title_text=\u00a0\u00bbPhoto 2 pour Article SwissMedicalNetwork_Nathan Stampfli Yetinc-2&Prime; _builder_version=\u00a0\u00bb4.26.1&Prime; _module_preset=\u00a0\u00bbdefault\u00a0\u00bb custom_margin=\u00a0\u00bb10vh||10vh||true|false\u00a0\u00bb custom_margin_tablet=\u00a0\u00bb11vh||||false|false\u00a0\u00bb custom_margin_phone=\u00a0\u00bb0vh||4vh||false|false\u00a0\u00bb custom_margin_last_edited=\u00a0\u00bbon|phone\u00a0\u00bb border_radii=\u00a0\u00bboff|45px|||45px\u00a0\u00bb global_colors_info=\u00a0\u00bb{}\u00a0\u00bb][\/et_pb_image][\/et_pb_column][\/et_pb_row][\/et_pb_section][et_pb_section fb_built=\u00a0\u00bb1&Prime; _builder_version=\u00a0\u00bb4.26.1&Prime; _module_preset=\u00a0\u00bbdefault\u00a0\u00bb background_color=\u00a0\u00bb#000000&Prime; custom_padding=\u00a0\u00bb10px||10px||false|false\u00a0\u00bb global_colors_info=\u00a0\u00bb{}\u00a0\u00bb][et_pb_row column_structure=\u00a0\u00bb1_2,1_2&Prime; _builder_version=\u00a0\u00bb4.26.1&Prime; _module_preset=\u00a0\u00bbdefault\u00a0\u00bb background_color=\u00a0\u00bb#519872&Prime; width=\u00a0\u00bb99%\u00a0\u00bb max_width=\u00a0\u00bb2560px\u00a0\u00bb module_alignment=\u00a0\u00bbright\u00a0\u00bb custom_margin=\u00a0\u00bb||||false|false\u00a0\u00bb border_radii=\u00a0\u00bboff|45px|||45px\u00a0\u00bb global_colors_info=\u00a0\u00bb{}\u00a0\u00bb][et_pb_column type=\u00a0\u00bb1_2&Prime; _builder_version=\u00a0\u00bb4.26.0&Prime; _module_preset=\u00a0\u00bbdefault\u00a0\u00bb global_colors_info=\u00a0\u00bb{}\u00a0\u00bb][et_pb_image src=\u00a0\u00bbhttps:\/\/drvincentvilla.ch\/wp-content\/uploads\/2024\/07\/priscilla-du-preez-aPa843frIzI-unsplash-scaled-e1721046328667.jpg\u00a0\u00bb title_text=\u00a0\u00bbpriscilla-du-preez-aPa843frIzI-unsplash\u00a0\u00bb _builder_version=\u00a0\u00bb4.26.1&Prime; _module_preset=\u00a0\u00bbdefault\u00a0\u00bb custom_margin=\u00a0\u00bb10vh||10vh||true|false\u00a0\u00bb custom_margin_tablet=\u00a0\u00bb11vh||||false|false\u00a0\u00bb custom_margin_phone=\u00a0\u00bb4vh|2vh|0vh||false|false\u00a0\u00bb custom_margin_last_edited=\u00a0\u00bbon|phone\u00a0\u00bb border_radii=\u00a0\u00bboff||45px|45px|\u00a0\u00bb global_colors_info=\u00a0\u00bb{}\u00a0\u00bb][\/et_pb_image][\/et_pb_column][et_pb_column type=\u00a0\u00bb1_2&Prime; _builder_version=\u00a0\u00bb4.26.0&Prime; _module_preset=\u00a0\u00bbdefault\u00a0\u00bb global_colors_info=\u00a0\u00bb{}\u00a0\u00bb][et_pb_text _builder_version=\u00a0\u00bb4.26.1&Prime; _module_preset=\u00a0\u00bbdefault\u00a0\u00bb custom_margin=\u00a0\u00bb18vh|10vh|2vh|0px|false|false\u00a0\u00bb custom_margin_tablet=\u00a0\u00bb18vh||0px|12vw|false|false\u00a0\u00bb custom_margin_phone=\u00a0\u00bb0vh|10vh|0px|2vh|false|false\u00a0\u00bb custom_margin_last_edited=\u00a0\u00bbon|phone\u00a0\u00bb custom_padding=\u00a0\u00bb|||0px|false|false\u00a0\u00bb header_2_font_size_tablet=\u00a0\u00bb35px\u00a0\u00bb global_colors_info=\u00a0\u00bb{}\u00a0\u00bb]<\/p>\n<h2><span style=\"color: #ffffff;\">Demandes pour les assurances<\/span><\/h2>\n<p>[\/et_pb_text][et_pb_text _builder_version=\u00a0\u00bb4.26.1&Prime; _module_preset=\u00a0\u00bbdefault\u00a0\u00bb text_font_size=\u00a0\u00bb17px\u00a0\u00bb custom_margin=\u00a0\u00bb|10vh|13vh|0px|false|false\u00a0\u00bb custom_margin_tablet=\u00a0\u00bb||5vh|0px|false|false\u00a0\u00bb custom_margin_phone=\u00a0\u00bb2vh||5vh|2vh|false|false\u00a0\u00bb custom_margin_last_edited=\u00a0\u00bbon|phone\u00a0\u00bb global_colors_info=\u00a0\u00bb{}\u00a0\u00bb]<\/p>\n<p><span style=\"color: #ffffff;\">Nous prenons soin de vos assur\u00e9s. Les demandes en lien avec les assurances doivent \u00eatre justifi\u00e9es par une raison expliquant la raison de votre demande. Les demandes re\u00e7ues jug\u00e9es non recevables par nos services seront supprim\u00e9es.<\/span><\/p>\n<p>[\/et_pb_text][et_pb_button button_url=\u00a0\u00bb@ET-DC@eyJkeW5hbWljIjp0cnVlLCJjb250ZW50IjoicG9zdF9saW5rX3VybF9wYWdlIiwic2V0dGluZ3MiOnsicG9zdF9pZCI6IjI5MDE1In19@\u00a0\u00bb button_text=\u00a0\u00bbDemandes pour les assurances\u00a0\u00bb _builder_version=\u00a0\u00bb4.26.1&Prime; _dynamic_attributes=\u00a0\u00bbbutton_url\u00a0\u00bb _module_preset=\u00a0\u00bbdefault\u00a0\u00bb custom_button=\u00a0\u00bbon\u00a0\u00bb button_text_size=\u00a0\u00bb22px\u00a0\u00bb button_text_color=\u00a0\u00bb#FFFFFF\u00a0\u00bb custom_margin=\u00a0\u00bb||7vh|0px|false|false\u00a0\u00bb custom_margin_tablet=\u00a0\u00bb||7vh|0px|false|false\u00a0\u00bb custom_margin_phone=\u00a0\u00bb|2vh|7vh|2vh|false|false\u00a0\u00bb custom_margin_last_edited=\u00a0\u00bbon|phone\u00a0\u00bb custom_padding=\u00a0\u00bb2vh|4vh|2vh|4vh|true|true\u00a0\u00bb custom_padding_tablet=\u00a0\u00bb2vh|4vh|2vh|4vh|true|true\u00a0\u00bb custom_padding_phone=\u00a0\u00bb1vh|3vh|1vh|3vh|true|true\u00a0\u00bb custom_padding_last_edited=\u00a0\u00bbon|phone\u00a0\u00bb global_colors_info=\u00a0\u00bb{}\u00a0\u00bb][\/et_pb_button][\/et_pb_column][\/et_pb_row][\/et_pb_section]<\/p>\n","protected":false},"excerpt":{"rendered":"<p>Professionnels-lles de la sant\u00e9, ensemble, prenons soin de nos patientsSitu\u00e9 \u00e0 Neuch\u00e2tel, Montreux, La Chaux-de-Fond et Gen\u00e8ve, nos Centres Ost\u00e9o Articulaire sont situ\u00e9s proche des transports en commun, des parkings et des h\u00f4pitauxDemande de consultationpour votre patient-eNous prenons soin de vos assur\u00e9s. Les demandes en lien avec les assurances doivent \u00eatre justifi\u00e9es par une raison [&hellip;]<\/p>\n","protected":false},"author":4,"featured_media":0,"parent":0,"menu_order":0,"comment_status":"closed","ping_status":"closed","template":"","meta":{"_et_pb_use_builder":"on","_et_pb_old_content":"","_et_gb_content_width":"","footnotes":""},"class_list":["post-29012","page","type-page","status-publish","hentry"],"yoast_head":"<!-- This site is optimized with the Yoast SEO plugin v27.5 - https:\/\/yoast.com\/product\/yoast-seo-wordpress\/ -->\n<title>Pros de la sant\u00e9 - Dr Vincent Villa - Chirurgien orthop\u00e9diste<\/title>\n<meta name=\"description\" content=\"D\u00e9couvrez le Centre Ost\u00e9o Articulaire \u00e0 Neuch\u00e2tel, id\u00e9alement situ\u00e9 \u00e0 la Rue de la Maladi\u00e8re 2, \u00e0 proximit\u00e9 des transports en commun et des parkings des H\u00f4pitaux de la Providence et du RHNE. Ensemble, prenons soin de nos patients avec excellence.\" \/>\n<meta name=\"robots\" content=\"index, follow, max-snippet:-1, max-image-preview:large, max-video-preview:-1\" \/>\n<link rel=\"canonical\" href=\"https:\/\/drvincentvilla.ch\/en\/pros-de-la-sante\/\" \/>\n<meta property=\"og:locale\" content=\"en_GB\" \/>\n<meta property=\"og:type\" content=\"article\" \/>\n<meta property=\"og:title\" content=\"Pros de la sant\u00e9 - Dr Vincent Villa - Chirurgien orthop\u00e9diste\" \/>\n<meta property=\"og:description\" content=\"D\u00e9couvrez le Centre Ost\u00e9o Articulaire \u00e0 Neuch\u00e2tel, id\u00e9alement situ\u00e9 \u00e0 la Rue de la Maladi\u00e8re 2, \u00e0 proximit\u00e9 des transports en commun et des parkings des H\u00f4pitaux de la Providence et du RHNE. Ensemble, prenons soin de nos patients avec excellence.\" \/>\n<meta property=\"og:url\" content=\"https:\/\/drvincentvilla.ch\/en\/pros-de-la-sante\/\" \/>\n<meta property=\"og:site_name\" content=\"Dr Vincent Villa - Chirurgien orthop\u00e9diste\" \/>\n<meta property=\"article:modified_time\" content=\"2025-03-14T13:30:16+00:00\" \/>\n<meta name=\"twitter:card\" content=\"summary_large_image\" \/>\n<meta name=\"twitter:label1\" content=\"Estimated reading time\" \/>\n\t<meta name=\"twitter:data1\" content=\"3 minutes\" \/>\n<script type=\"application\/ld+json\" class=\"yoast-schema-graph\">{\"@context\":\"https:\\\/\\\/schema.org\",\"@graph\":[{\"@type\":\"WebPage\",\"@id\":\"https:\\\/\\\/drvincentvilla.ch\\\/pros-de-la-sante\\\/\",\"url\":\"https:\\\/\\\/drvincentvilla.ch\\\/pros-de-la-sante\\\/\",\"name\":\"Pros de la sant\u00e9 - Dr Vincent Villa - Chirurgien orthop\u00e9diste\",\"isPartOf\":{\"@id\":\"https:\\\/\\\/drvincentvilla.ch\\\/#website\"},\"datePublished\":\"2024-07-08T12:16:15+00:00\",\"dateModified\":\"2025-03-14T13:30:16+00:00\",\"description\":\"D\u00e9couvrez le Centre Ost\u00e9o Articulaire \u00e0 Neuch\u00e2tel, id\u00e9alement situ\u00e9 \u00e0 la Rue de la Maladi\u00e8re 2, \u00e0 proximit\u00e9 des transports en commun et des parkings des H\u00f4pitaux de la Providence et du RHNE. Ensemble, prenons soin de nos patients avec excellence.\",\"breadcrumb\":{\"@id\":\"https:\\\/\\\/drvincentvilla.ch\\\/pros-de-la-sante\\\/#breadcrumb\"},\"inLanguage\":\"en-GB\",\"potentialAction\":[{\"@type\":\"ReadAction\",\"target\":[\"https:\\\/\\\/drvincentvilla.ch\\\/pros-de-la-sante\\\/\"]}]},{\"@type\":\"BreadcrumbList\",\"@id\":\"https:\\\/\\\/drvincentvilla.ch\\\/pros-de-la-sante\\\/#breadcrumb\",\"itemListElement\":[{\"@type\":\"ListItem\",\"position\":1,\"name\":\"Accueil\",\"item\":\"https:\\\/\\\/drvincentvilla.ch\\\/\"},{\"@type\":\"ListItem\",\"position\":2,\"name\":\"Pros de la sant\u00e9\"}]},{\"@type\":\"WebSite\",\"@id\":\"https:\\\/\\\/drvincentvilla.ch\\\/#website\",\"url\":\"https:\\\/\\\/drvincentvilla.ch\\\/\",\"name\":\"Dr Vincent Villa - Chirurgien orthop\u00e9diste\",\"description\":\"Le patient d&#039;abord\",\"potentialAction\":[{\"@type\":\"SearchAction\",\"target\":{\"@type\":\"EntryPoint\",\"urlTemplate\":\"https:\\\/\\\/drvincentvilla.ch\\\/?s={search_term_string}\"},\"query-input\":{\"@type\":\"PropertyValueSpecification\",\"valueRequired\":true,\"valueName\":\"search_term_string\"}}],\"inLanguage\":\"en-GB\"}]}<\/script>\n<!-- \/ Yoast SEO plugin. -->","yoast_head_json":{"title":"Pros de la sant\u00e9 - Dr Vincent Villa - Chirurgien orthop\u00e9diste","description":"D\u00e9couvrez le Centre Ost\u00e9o Articulaire \u00e0 Neuch\u00e2tel, id\u00e9alement situ\u00e9 \u00e0 la Rue de la Maladi\u00e8re 2, \u00e0 proximit\u00e9 des transports en commun et des parkings des H\u00f4pitaux de la Providence et du RHNE. Ensemble, prenons soin de nos patients avec excellence.","robots":{"index":"index","follow":"follow","max-snippet":"max-snippet:-1","max-image-preview":"max-image-preview:large","max-video-preview":"max-video-preview:-1"},"canonical":"https:\/\/drvincentvilla.ch\/en\/pros-de-la-sante\/","og_locale":"en_GB","og_type":"article","og_title":"Pros de la sant\u00e9 - Dr Vincent Villa - Chirurgien orthop\u00e9diste","og_description":"D\u00e9couvrez le Centre Ost\u00e9o Articulaire \u00e0 Neuch\u00e2tel, id\u00e9alement situ\u00e9 \u00e0 la Rue de la Maladi\u00e8re 2, \u00e0 proximit\u00e9 des transports en commun et des parkings des H\u00f4pitaux de la Providence et du RHNE. Ensemble, prenons soin de nos patients avec excellence.","og_url":"https:\/\/drvincentvilla.ch\/en\/pros-de-la-sante\/","og_site_name":"Dr Vincent Villa - Chirurgien orthop\u00e9diste","article_modified_time":"2025-03-14T13:30:16+00:00","twitter_card":"summary_large_image","twitter_misc":{"Estimated reading time":"3 minutes"},"schema":{"@context":"https:\/\/schema.org","@graph":[{"@type":"WebPage","@id":"https:\/\/drvincentvilla.ch\/pros-de-la-sante\/","url":"https:\/\/drvincentvilla.ch\/pros-de-la-sante\/","name":"Pros de la sant\u00e9 - Dr Vincent Villa - Chirurgien orthop\u00e9diste","isPartOf":{"@id":"https:\/\/drvincentvilla.ch\/#website"},"datePublished":"2024-07-08T12:16:15+00:00","dateModified":"2025-03-14T13:30:16+00:00","description":"D\u00e9couvrez le Centre Ost\u00e9o Articulaire \u00e0 Neuch\u00e2tel, id\u00e9alement situ\u00e9 \u00e0 la Rue de la Maladi\u00e8re 2, \u00e0 proximit\u00e9 des transports en commun et des parkings des H\u00f4pitaux de la Providence et du RHNE. Ensemble, prenons soin de nos patients avec excellence.","breadcrumb":{"@id":"https:\/\/drvincentvilla.ch\/pros-de-la-sante\/#breadcrumb"},"inLanguage":"en-GB","potentialAction":[{"@type":"ReadAction","target":["https:\/\/drvincentvilla.ch\/pros-de-la-sante\/"]}]},{"@type":"BreadcrumbList","@id":"https:\/\/drvincentvilla.ch\/pros-de-la-sante\/#breadcrumb","itemListElement":[{"@type":"ListItem","position":1,"name":"Accueil","item":"https:\/\/drvincentvilla.ch\/"},{"@type":"ListItem","position":2,"name":"Pros de la sant\u00e9"}]},{"@type":"WebSite","@id":"https:\/\/drvincentvilla.ch\/#website","url":"https:\/\/drvincentvilla.ch\/","name":"Dr Vincent Villa - Chirurgien orthop\u00e9diste","description":"Le patient d&#039;abord","potentialAction":[{"@type":"SearchAction","target":{"@type":"EntryPoint","urlTemplate":"https:\/\/drvincentvilla.ch\/?s={search_term_string}"},"query-input":{"@type":"PropertyValueSpecification","valueRequired":true,"valueName":"search_term_string"}}],"inLanguage":"en-GB"}]}},"_links":{"self":[{"href":"https:\/\/drvincentvilla.ch\/en\/wp-json\/wp\/v2\/pages\/29012","targetHints":{"allow":["GET"]}}],"collection":[{"href":"https:\/\/drvincentvilla.ch\/en\/wp-json\/wp\/v2\/pages"}],"about":[{"href":"https:\/\/drvincentvilla.ch\/en\/wp-json\/wp\/v2\/types\/page"}],"author":[{"embeddable":true,"href":"https:\/\/drvincentvilla.ch\/en\/wp-json\/wp\/v2\/users\/4"}],"replies":[{"embeddable":true,"href":"https:\/\/drvincentvilla.ch\/en\/wp-json\/wp\/v2\/comments?post=29012"}],"version-history":[{"count":16,"href":"https:\/\/drvincentvilla.ch\/en\/wp-json\/wp\/v2\/pages\/29012\/revisions"}],"predecessor-version":[{"id":30971,"href":"https:\/\/drvincentvilla.ch\/en\/wp-json\/wp\/v2\/pages\/29012\/revisions\/30971"}],"wp:attachment":[{"href":"https:\/\/drvincentvilla.ch\/en\/wp-json\/wp\/v2\/media?parent=29012"}],"curies":[{"name":"wp","href":"https:\/\/api.w.org\/{rel}","templated":true}]}}