{"id":29430,"date":"2024-07-24T10:04:45","date_gmt":"2024-07-24T08:04:45","guid":{"rendered":"https:\/\/centreliv.yetinc.ch\/?page_id=29430"},"modified":"2025-01-22T12:02:55","modified_gmt":"2025-01-22T11:02:55","slug":"dr-vincent-villa","status":"publish","type":"page","link":"https:\/\/drvincentvilla.ch\/en\/entreprise\/equipe\/dr-vincent-villa\/","title":{"rendered":"Dr. Vincent Villa"},"content":{"rendered":"<p>[et_pb_section fb_built=\u00a0\u00bb1&Prime; _builder_version=\u00a0\u00bb4.26.1&Prime; _module_preset=\u00a0\u00bbdefault\u00a0\u00bb background_color=\u00a0\u00bb#000000&Prime; custom_padding=\u00a0\u00bb10px||10px||false|false\u00a0\u00bb global_colors_info=\u00a0\u00bb{}\u00a0\u00bb][et_pb_row column_structure=\u00a0\u00bb1_2,1_2&Prime; _builder_version=\u00a0\u00bb4.26.1&Prime; _module_preset=\u00a0\u00bbdefault\u00a0\u00bb background_color=\u00a0\u00bb#1b2e44&Prime; width=\u00a0\u00bb99%\u00a0\u00bb max_width=\u00a0\u00bb2560px\u00a0\u00bb module_alignment=\u00a0\u00bbright\u00a0\u00bb custom_padding=\u00a0\u00bb6vh||16vh||false|false\u00a0\u00bb border_radii=\u00a0\u00bboff|45px|||45px\u00a0\u00bb global_colors_info=\u00a0\u00bb{}\u00a0\u00bb][et_pb_column type=\u00a0\u00bb1_2&Prime; _builder_version=\u00a0\u00bb4.26.0&Prime; _module_preset=\u00a0\u00bbdefault\u00a0\u00bb global_colors_info=\u00a0\u00bb{}\u00a0\u00bb][et_pb_text _builder_version=\u00a0\u00bb4.26.1&Prime; _module_preset=\u00a0\u00bbdefault\u00a0\u00bb header_font_size=\u00a0\u00bb42px\u00a0\u00bb custom_margin=\u00a0\u00bb25vh||0vh|10vh|false|false\u00a0\u00bb custom_margin_tablet=\u00a0\u00bb25vh||2vh|10vh|false|false\u00a0\u00bb custom_margin_phone=\u00a0\u00bb21vh||2vh|2vh|false|false\u00a0\u00bb custom_margin_last_edited=\u00a0\u00bbon|phone\u00a0\u00bb header_font_size_tablet=\u00a0\u00bb42px\u00a0\u00bb global_colors_info=\u00a0\u00bb{}\u00a0\u00bb]<\/p>\n<h1><span style=\"color: #ffffff;\">Dr. m\u00e9d Vincent Villa (FMH)<\/span><\/h1>\n<p>[\/et_pb_text][et_pb_divider color=\u00a0\u00bb#FFFFFF\u00a0\u00bb divider_weight=\u00a0\u00bb3px\u00a0\u00bb _builder_version=\u00a0\u00bb4.26.1&Prime; _module_preset=\u00a0\u00bbdefault\u00a0\u00bb max_width=\u00a0\u00bb75%\u00a0\u00bb custom_margin=\u00a0\u00bb||6vh|10vh|false|false\u00a0\u00bb custom_margin_tablet=\u00a0\u00bb||2vh|10vh|false|false\u00a0\u00bb custom_margin_phone=\u00a0\u00bb||0vh|2vh|false|false\u00a0\u00bb custom_margin_last_edited=\u00a0\u00bbon|phone\u00a0\u00bb global_colors_info=\u00a0\u00bb{}\u00a0\u00bb][\/et_pb_divider][et_pb_text _builder_version=\u00a0\u00bb4.26.1&Prime; _module_preset=\u00a0\u00bbdefault\u00a0\u00bb text_text_color=\u00a0\u00bb#FFFFFF\u00a0\u00bb text_font_size=\u00a0\u00bb24px\u00a0\u00bb header_font_size=\u00a0\u00bb42px\u00a0\u00bb custom_margin=\u00a0\u00bb-4vh||2vh|10vh|false|false\u00a0\u00bb custom_margin_tablet=\u00a0\u00bb25vh||2vh|10vh|false|false\u00a0\u00bb custom_margin_phone=\u00a0\u00bb21vh||2vh|2vh|false|false\u00a0\u00bb custom_margin_last_edited=\u00a0\u00bbon|phone\u00a0\u00bb header_font_size_tablet=\u00a0\u00bb42px\u00a0\u00bb global_colors_info=\u00a0\u00bb{}\u00a0\u00bb]<\/p>\n<p><span>Chirurgien Orthop\u00e9diste FMH, traumatologue et\u00a0<\/span><span>sp\u00e9cialiste en chirurgie de la hanche, du genou, du sport et de l\u2019arthrose<\/span><\/p>\n<p>[\/et_pb_text][et_pb_text _builder_version=\u00a0\u00bb4.26.1&Prime; _module_preset=\u00a0\u00bbdefault\u00a0\u00bb text_text_color=\u00a0\u00bb#FFFFFF\u00a0\u00bb text_font_size=\u00a0\u00bb17px\u00a0\u00bb link_font=\u00a0\u00bbGotham medium||||||||\u00a0\u00bb link_text_color=\u00a0\u00bb#FFFFFF\u00a0\u00bb header_2_font=\u00a0\u00bbGotham medium||||||||\u00a0\u00bb header_2_text_color=\u00a0\u00bb#FFFFFF\u00a0\u00bb custom_padding=\u00a0\u00bb|||10vh|false|false\u00a0\u00bb global_colors_info=\u00a0\u00bb{}\u00a0\u00bb]<\/p>\n<blockquote>\n<h2><em>\u00ab\u2009Je veux redonner \u00e0 la chirurgie une dimension plus humaine\u2009\u00bb<\/em><\/h2>\n<\/blockquote>\n<p>Fort d\u2019une longue exp\u00e9rience en chirurgie orthop\u00e9dique, le docteur Villa d\u00e9pose ses valises sur les rives du lac de Neuch\u00e2tel en 2014. Il ouvre alors sa consultation, situ\u00e9e \u00e0 l\u2019H\u00f4pital de la Providence, pour recevoir, conseiller, \u00e9couter et soigner ses patients.<\/p>\n<p>Depuis 2021, le Dr Villa consulte au Centre Ost\u00e9o Articulaire Liv Ortho qu\u2019il a fond\u00e9.<\/p>\n<p><span>Passionn\u00e9 depuis toujours par la m\u00e9decine et amoureux de la m\u00e9canique, la chirurgie orthop\u00e9dique s\u2019est rapidement impos\u00e9e comme une \u00e9vidence \u00e0 ses yeux. Et \u00e0 l\u2019\u00e2ge de douze ans d\u00e9j\u00e0, son futur m\u00e9tier \u00e9tait tout d\u00e9cid\u00e9. Une vocation qui lui vient directement de son p\u00e8re, rhumatologue, qu\u2019il n\u2019a jamais remise en question.<\/span><\/p>\n<p>[\/et_pb_text][\/et_pb_column][et_pb_column type=\u00a0\u00bb1_2&Prime; _builder_version=\u00a0\u00bb4.26.0&Prime; _module_preset=\u00a0\u00bbdefault\u00a0\u00bb global_colors_info=\u00a0\u00bb{}\u00a0\u00bb][et_pb_image src=\u00a0\u00bbhttps:\/\/drvincentvilla.ch\/wp-content\/uploads\/2024\/07\/Villa.jpg\u00a0\u00bb title_text=\u00a0\u00bbVilla\u00a0\u00bb show_bottom_space=\u00a0\u00bboff\u00a0\u00bb align=\u00a0\u00bbright\u00a0\u00bb _builder_version=\u00a0\u00bb4.27.0&Prime; _module_preset=\u00a0\u00bbdefault\u00a0\u00bb transform_translate=\u00a0\u00bb0px|112px\u00a0\u00bb transform_translate_linked=\u00a0\u00bboff\u00a0\u00bb max_width=\u00a0\u00bb100%\u00a0\u00bb max_width_tablet=\u00a0\u00bb70%\u00a0\u00bb max_width_phone=\u00a0\u00bb100%\u00a0\u00bb max_width_last_edited=\u00a0\u00bbon|phone\u00a0\u00bb module_alignment=\u00a0\u00bbright\u00a0\u00bb max_height=\u00a0\u00bb688px\u00a0\u00bb custom_margin=\u00a0\u00bb||||false|false\u00a0\u00bb custom_margin_tablet=\u00a0\u00bb-50px||||false|false\u00a0\u00bb custom_margin_phone=\u00a0\u00bb||||false|false\u00a0\u00bb custom_margin_last_edited=\u00a0\u00bbon|phone\u00a0\u00bb custom_padding=\u00a0\u00bb|10vh|0vh||false|false\u00a0\u00bb custom_padding_tablet=\u00a0\u00bb|10vh|0vh||false|false\u00a0\u00bb custom_padding_phone=\u00a0\u00bb|7vh|0vh|7vh|false|true\u00a0\u00bb custom_padding_last_edited=\u00a0\u00bbon|phone\u00a0\u00bb animation_style=\u00a0\u00bbfade\u00a0\u00bb border_radii=\u00a0\u00bbon|45px|45px|45px|45px\u00a0\u00bb border_width_all=\u00a0\u00bb3px\u00a0\u00bb border_color_all=\u00a0\u00bb#FFFFFF\u00a0\u00bb global_colors_info=\u00a0\u00bb{}\u00a0\u00bb][\/et_pb_image][\/et_pb_column][\/et_pb_row][et_pb_row column_structure=\u00a0\u00bb1_3,1_3,1_3&Prime; _builder_version=\u00a0\u00bb4.26.0&Prime; _module_preset=\u00a0\u00bbdefault\u00a0\u00bb width=\u00a0\u00bb100%\u00a0\u00bb max_width=\u00a0\u00bb2560px\u00a0\u00bb custom_margin=\u00a0\u00bb0px||0px||true|false\u00a0\u00bb custom_padding=\u00a0\u00bb0px||0px||true|false\u00a0\u00bb locked=\u00a0\u00bboff\u00a0\u00bb global_colors_info=\u00a0\u00bb{}\u00a0\u00bb][et_pb_column type=\u00a0\u00bb1_3&Prime; _builder_version=\u00a0\u00bb4.26.0&Prime; _module_preset=\u00a0\u00bbdefault\u00a0\u00bb global_colors_info=\u00a0\u00bb{}\u00a0\u00bb][\/et_pb_column][et_pb_column type=\u00a0\u00bb1_3&Prime; _builder_version=\u00a0\u00bb4.26.1&Prime; _module_preset=\u00a0\u00bbdefault\u00a0\u00bb global_colors_info=\u00a0\u00bb{}\u00a0\u00bb][\/et_pb_column][et_pb_column type=\u00a0\u00bb1_3&Prime; _builder_version=\u00a0\u00bb4.26.0&Prime; _module_preset=\u00a0\u00bbdefault\u00a0\u00bb global_colors_info=\u00a0\u00bb{}\u00a0\u00bb][\/et_pb_column][\/et_pb_row][\/et_pb_section][et_pb_section fb_built=\u00a0\u00bb1&Prime; _builder_version=\u00a0\u00bb4.26.1&Prime; _module_preset=\u00a0\u00bbdefault\u00a0\u00bb background_color=\u00a0\u00bb#000000&Prime; custom_padding=\u00a0\u00bb10px||10px||false|false\u00a0\u00bb global_colors_info=\u00a0\u00bb{}\u00a0\u00bb][et_pb_row column_structure=\u00a0\u00bb1_2,1_2&Prime; custom_padding_last_edited=\u00a0\u00bbon|phone\u00a0\u00bb _builder_version=\u00a0\u00bb4.27.0&Prime; _module_preset=\u00a0\u00bbdefault\u00a0\u00bb background_color=\u00a0\u00bb#202020&Prime; width=\u00a0\u00bb99%\u00a0\u00bb max_width=\u00a0\u00bb2560px\u00a0\u00bb module_alignment=\u00a0\u00bbright\u00a0\u00bb custom_margin=\u00a0\u00bb||0px||false|false\u00a0\u00bb custom_margin_tablet=\u00a0\u00bb||0px||false|false\u00a0\u00bb custom_margin_phone=\u00a0\u00bb||0px||false|false\u00a0\u00bb custom_margin_last_edited=\u00a0\u00bbon|phone\u00a0\u00bb custom_padding=\u00a0\u00bb10vh|10vh||10vh|false|false\u00a0\u00bb custom_padding_tablet=\u00a0\u00bb10vh|10vh||10vh|false|false\u00a0\u00bb custom_padding_phone=\u00a0\u00bb10vh|5vh|0px|5vh|false|true\u00a0\u00bb border_radii=\u00a0\u00bboff|45px|||\u00a0\u00bb global_colors_info=\u00a0\u00bb{}\u00a0\u00bb][et_pb_column type=\u00a0\u00bb1_2&Prime; _builder_version=\u00a0\u00bb4.26.0&Prime; _module_preset=\u00a0\u00bbdefault\u00a0\u00bb global_colors_info=\u00a0\u00bb{}\u00a0\u00bb][et_pb_text _builder_version=\u00a0\u00bb4.27.0&Prime; _module_preset=\u00a0\u00bbdefault\u00a0\u00bb text_text_color=\u00a0\u00bb#FFFFFF\u00a0\u00bb text_font_size=\u00a0\u00bb17px\u00a0\u00bb link_font=\u00a0\u00bbGotham medium||||||||\u00a0\u00bb link_text_color=\u00a0\u00bb#FFFFFF\u00a0\u00bb header_2_font=\u00a0\u00bbGotham medium||||on||||\u00a0\u00bb header_2_text_color=\u00a0\u00bb#FFFFFF\u00a0\u00bb header_2_font_size=\u00a0\u00bb25px\u00a0\u00bb global_colors_info=\u00a0\u00bb{}\u00a0\u00bb]<\/p>\n<p>\u00a0<strong>Parcours professionnel<\/strong><br \/>&#8211; Chirurgien orthop\u00e9diste ind\u00e9pendant, Liv Ortho S\u00e0rl, Neuch\u00e2tel, Suisse. Depuis novembre 2014.<br \/>&#8211; M\u00e9decin Consultant, H\u00f4pital Neuchatelois-Pourtal\u00e8s, Neuch\u00e2tel. Depuis septembre 2018.<br \/>&#8211; Chirurgien orthop\u00e9diste ind\u00e9pendant, Clinique Montbrillant, La Chaux-de-Fonds. Depuis 2016.<br \/>&#8211; Chef de clinique en chirurgie orthop\u00e9dique, service du Professeur Neyret, centre Albert Trillat, H\u00f4pital de la Croix Rousse, Lyon. Novembre 2012 \u2013 octobre 2014.<\/p>\n<p><strong>Assistanat en chirurgie orthop\u00e9dique. 2007-2012.<\/strong><br \/>&#8211; Chirurgien assistant, service du Professeur Simon, chirurgie orthop\u00e9dique et traumatologique, Centre hospitalier Saint- Joseph Saint-Luc, Lyon. Mai 2012\u00a0 novembre 2012.<br \/>&#8211; Chirurgien assistant, service du Docteur Frecon, chirurgie visc\u00e9rale et vasculaire, Centre hospitalier Saint Joseph Saint-Luc, Lyon. Novembre 2011- mai 2012.<br \/>&#8211; Chirurgien assistant, service du Docteur Basso et du Docteur Rubini, chirurgie orthop\u00e9dique, H\u00f4pital. Ren\u00e9e Sabran, Lyon. Mai 2011 \u2013 novembre 2011.<br \/>&#8211; Chirurgien assistant, service du Professeur Neyret, chirurgie orthop\u00e9dique et du sport, Centre Albert Trillat, H\u00f4pital Lyon Nord. Novembre 2010 \u2013 mai 2011.<br \/>\u00a0-Chirurigne assistant, service du Professeur Berard et du Professeur Kohler, chirurgie orthop\u00e9dique p\u00e9diatrique, H\u00f4pital Femmes-M\u00e8res- Enfants, Bron. Mai 2010 \u2013 novembre 2010.<br \/>&#8211; Chirurgien assistant, service du Professeur Carret et du Professeur Guyen, chirurgie orthop\u00e9dique, H\u00f4pital \u00c9douard Herriot, Pavillon T, Lyon. Novembre 2009 \u2013 mai 2010.<br \/>&#8211; Chirurgien assistant, service du Professeur Moyen et du Professeur Fessy, chirurgie orthop\u00e9dique et chirurgie du sport, H\u00f4pital Lyon Sud. Mai 2009 \u2013 novembre 2009.<br \/>&#8211; Chirurgien assistant, service du Professeur Moyen et du Professeur Fessy, urgences traumatologiques, H\u00f4pital Lyon Sud. Novembre 2008 \u2013 mai 2009.<br \/>&#8211; Chirurgien assistant, service du Docteur Jolivert, chirurgie orthop\u00e9dique et traumatologique, H\u00f4pital de Romans. Mai 2008 \u2013 novembre 2008.<br \/>&#8211; Chirurgien assistant, service du Docteur Mignot, chirurgie orthop\u00e9dique et traumatologique, H\u00f4pital de Valence. Novembre 2007 \u2013 mai 2008.<br \/>&#8211; Externe, Hospices Civils de Lyon. 2003 \u2013 2007.\u00a0<\/p>\n<p><strong>Etudes et diplomes<\/strong><br \/>Reconnaissance par la Commission des professions m\u00e9dicales (MEBEKO) du titre de poste grade f\u00e9d\u00e9ral de la\u00a0 Conf\u00e9d\u00e9ration suisse de chirurgie orthop\u00e9dique et traumatologie de l\u2019appareil locomoteur.\u00a02014.<br \/>Reconnaissance du dipl\u00f4me f\u00e9d\u00e9ral de m\u00e9decin de la Conf\u00e9d\u00e9ration suisse. 2014.<br \/>Autorisation de pratiquer dans le canton de Neuch\u00e2tel, a charge de l\u2019assurance obligatoire des soins (AOS). 2014.<br \/>Dipl\u00f4me d\u2019\u00c9tude Sp\u00e9cialis\u00e9e Compl\u00e9mentaire Qualifiant (DESCQ) en Chirurgie Orthop\u00e9dique et Traumatologique. 2013.<br \/>Dipl\u00f4me Interuniversitaire (DIU) d\u2019arthroscopie. M\u00e9moire: \u00abSimulation d\u2019une greffe LCA au tendon rotulien double faisceau avec une simple bandelette\u00bb. Universit\u00e9 Claude Bernard Lyon I. 2013.<br \/>Th\u00e8se de Docteur en m\u00e9decine: \u00abLes complications des proth\u00e8ses totales du genou\u00bb. Th\u00e8se portant sur 2037 implants HLS. Mention tr\u00e8s honorable et f\u00e9licitations du jury. Universit\u00e9 Claude Bernard Lyon I. 2013.<br \/>DIU du pied et de la cheville. M\u00e9moire:\u00a0\u00abL\u2019algodystrophie dans la chirurgie du pied\u00bb; obtenu \u00e0 Lyon, Universit\u00e9 Claude Bernard Lyon I. 2012.<br \/>Dipl\u00f4me d\u2019\u00c9tude Sp\u00e9cialis\u00e9e (DES) en Chirurgie G\u00e9n\u00e9rale. 2010.<br \/>Obtention du concours de l\u2019internat. Chirurgie \u00e0 Lyon. 2007.<br \/>Master I. Sciences Biologiques et M\u00e9dicales. 2007, Universit\u00e9 Claude Bernard Lyon I.<br \/>Deuxi\u00e8me Cycle des \u00e9tudes m\u00e9dicales. Facult\u00e9 de M\u00e9decine, Universit\u00e9 Claude Bernard Lyon I. Externat aux Hospices Civils de Lyon. 2003-2007.<br \/>Premier cycle des \u00e9tudes m\u00e9dicales. Facult\u00e9 de M\u00e9decine, Universit\u00e9 Claude Bernard Lyon I. 2000 \u2013 2003.<br \/>Certificat d\u2019anatomie appliqu\u00e9e. 2003, Facult\u00e9 de m\u00e9decine de Lyon- Nord.<br \/>Certificat de formation aux activit\u00e9s des premiers secours en \u00e9quipe (CFAPSE), 2003, Croix-Rouge mon\u00e9gasque, Monaco.<br \/>Concours de premi\u00e8re ann\u00e9e de m\u00e9decine (classement 72\u00e8me sur 680). 2000, Lyon.<\/p>\n<p><strong>Soci\u00e9t\u00e9s scientifiques et associations<\/strong><br \/>Membre actif de l\u2019Association Albert-Trillat .<br \/>Membre de l\u2019European Federation of National Associations of Orthopaedics and Traumatology (EFORT).<br \/>Membre de l\u2019 European Society for Sports Traumatology, Knee Surgery and Arthroscopy (ESSKA).<br \/>Membre de la F\u00e9d\u00e9rations des m\u00e9decins suisses (FMH).<br \/>Membre de la Fondation Medgate Partner Network .<br \/>Membre du Groupe de\u00a0Recherche et d\u2019\u00c9tude en\u00a0Chirurgie\u00a0Mini-Invasive du\u00a0Pied (GRECMIP) pour la chirurgie mini-invasive du pied et de la cheville.<br \/>Tr\u00e9sorier de l\u2019International Association of Orthopaedics Alumni of National Association (IAORANA ORTHO).<br \/>Membre actif de l\u2019International Society of Arthroscopy, Knee surgery and Orthopedic Sport Medecine (ISAKOS).<br \/>Membre de la Soci\u00e9t\u00e9 Fran\u00e7aise d\u2019Arthroscopie (SFA).<br \/>Membre de la Soci\u00e9t\u00e9 Neuch\u00e2teloise de M\u00e9decine (SNM)<br \/>Membre de la Soci\u00e9t\u00e9 Fran\u00e7aise de Chirurgie Orthop\u00e9dique et Traumatologique (SOFCOT).<\/p>\n<p>[\/et_pb_text][\/et_pb_column][et_pb_column type=\u00a0\u00bb1_2&Prime; _builder_version=\u00a0\u00bb4.26.0&Prime; _module_preset=\u00a0\u00bbdefault\u00a0\u00bb global_colors_info=\u00a0\u00bb{}\u00a0\u00bb][et_pb_text _builder_version=\u00a0\u00bb4.27.0&Prime; _module_preset=\u00a0\u00bbdefault\u00a0\u00bb width=\u00a0\u00bb100%\u00a0\u00bb module_alignment=\u00a0\u00bbcenter\u00a0\u00bb global_colors_info=\u00a0\u00bb{}\u00a0\u00bb]<\/p>\n<div style=\"padding: 56.25% 0 0 0; position: relative;\"><iframe src=\"https:\/\/player.vimeo.com\/video\/996133320?h=010424f8f1&amp;badge=0&amp;autopause=0&amp;player_id=0&amp;app_id=58479\" frameborder=\"0\" allow=\"autoplay; fullscreen; picture-in-picture; clipboard-write\" style=\"position: absolute; top: 0; left: 0; width: 100%; height: 100%;\" title=\"Pr\u00e9sentation du Dr Villa\"><\/iframe><\/div>\n<p>\n<script src=\"https:\/\/player.vimeo.com\/api\/player.js\"><\/script>\n<\/p>\n<p>[\/et_pb_text][et_pb_text _builder_version=\u00a0\u00bb4.27.4&Prime; _module_preset=\u00a0\u00bbdefault\u00a0\u00bb text_text_color=\u00a0\u00bb#FFFFFF\u00a0\u00bb text_font_size=\u00a0\u00bb17px\u00a0\u00bb link_font=\u00a0\u00bbGotham medium||||||||\u00a0\u00bb link_text_color=\u00a0\u00bb#FFFFFF\u00a0\u00bb header_2_font=\u00a0\u00bbGotham medium||||on||||\u00a0\u00bb header_2_text_color=\u00a0\u00bb#FFFFFF\u00a0\u00bb header_2_font_size=\u00a0\u00bb25px\u00a0\u00bb hover_enabled=\u00a0\u00bb0&Prime; global_colors_info=\u00a0\u00bb{}\u00a0\u00bb sticky_enabled=\u00a0\u00bb0&Prime;]<\/p>\n<p><strong>Dr Vincent Villa : Une Passion Transmise de P\u00e8re en Fils<\/strong><\/p>\n<p>Issu d&rsquo;une famille de m\u00e9decins, le Dr Vincent Villa est d\u00e8s son enfance inspir\u00e9 par son p\u00e8re, rhumatologue, dont il admire la d\u00e9votion et l&rsquo;humanit\u00e9. Tr\u00e8s jeune, il se passionne pour la m\u00e9canique du corps humain, r\u00eavant de redonner du mouvement et de l&rsquo;espoir \u00e0 ceux qui en ont besoin. \u00c0 l&rsquo;\u00e2ge de douze ans, la chirurgie orthop\u00e9dique devient une vocation qui ne sera jamais remise en question.<\/p>\n<p>Dipl\u00f4m\u00e9 de l&rsquo;Universit\u00e9 Claude Bernard Lyon I en 2007, il poursuit son parcours d&rsquo;excellence dans les h\u00f4pitaux lyonnais. Chef de Clinique en Chirurgie Orthop\u00e9dique \u00e0 l&rsquo;H\u00f4pital de la Croix-Rousse sous la direction du professeur Philippe Neyret, l&rsquo;un de ses mentors, il y perfectionne ses comp\u00e9tences. En parall\u00e8le, il travaille au sein d&rsquo;un centre d&rsquo;excellence de la FIFA, d\u00e9di\u00e9 aux sportifs de haut niveau, o\u00f9 il d\u00e9veloppe une expertise pointue dans la prise en charge des blessures complexes.<\/p>\n<p>En 2014, il s&rsquo;installe en Suisse, sur les rives du lac de Neuch\u00e2tel, o\u00f9 il fonde sa premi\u00e8re consultation \u00e0 l&rsquo;H\u00f4pital de la Providence. Ce lieu devient rapidement un espace o\u00f9 se croisent expertise technique et approche humaniste. En 2018, il ouvre le Centre Ost\u00e9o-Articulaire Liv Ortho, incarnant sa vision d&rsquo;une m\u00e9decine innovante et accessible. En 2020, il s&rsquo;installe dans le canton de Vaud, sur la riviera Vaudoise, poursuivant son ambition de rendre la m\u00e9decine toujours plus accessible.<\/p>\n<p>Sp\u00e9cialiste de la chirurgie de la hanche et du genou, le Dr Villa privil\u00e9gie les techniques mini-invasives permettant une r\u00e9cup\u00e9ration rapide et durable. Pionnier en chirurgie robotique depuis 2020, il am\u00e9liore la pr\u00e9cision des interventions et r\u00e9duit les temps de r\u00e9cup\u00e9ration. Convaincu que la m\u00e9decine est avant tout une relation humaine, il place l&rsquo;\u00e9coute et la transparence au c\u0153ur de sa pratique.<\/p>\n<p>Le Dr Vincent Villa a \u00e9t\u00e9 r\u00e9cemment accr\u00e9dit\u00e9 \u00e0 Hirslanden Clinique Bois-Cerf.<\/p>\n<p>[\/et_pb_text][\/et_pb_column][\/et_pb_row][\/et_pb_section][et_pb_section fb_built=\u00a0\u00bb1&Prime; _builder_version=\u00a0\u00bb4.26.1&Prime; _module_preset=\u00a0\u00bbdefault\u00a0\u00bb background_color=\u00a0\u00bb#000000&Prime; custom_padding=\u00a0\u00bb10px||10px||false|false\u00a0\u00bb global_colors_info=\u00a0\u00bb{}\u00a0\u00bb][et_pb_row column_structure=\u00a0\u00bb1_2,1_2&Prime; _builder_version=\u00a0\u00bb4.26.1&Prime; _module_preset=\u00a0\u00bbdefault\u00a0\u00bb background_color=\u00a0\u00bb#519872&Prime; width=\u00a0\u00bb99%\u00a0\u00bb max_width=\u00a0\u00bb2560px\u00a0\u00bb module_alignment=\u00a0\u00bbright\u00a0\u00bb custom_margin=\u00a0\u00bb||||false|false\u00a0\u00bb border_radii=\u00a0\u00bboff|45px|||45px\u00a0\u00bb global_colors_info=\u00a0\u00bb{}\u00a0\u00bb][et_pb_column type=\u00a0\u00bb1_2&Prime; _builder_version=\u00a0\u00bb4.26.0&Prime; _module_preset=\u00a0\u00bbdefault\u00a0\u00bb global_colors_info=\u00a0\u00bb{}\u00a0\u00bb][et_pb_image src=\u00a0\u00bbhttps:\/\/drvincentvilla.ch\/wp-content\/uploads\/2024\/08\/rosa-photo-par-nathan-stampfli-yetinc_-6.jpg\u00a0\u00bb title_text=\u00a0\u00bbrosa-photo-par-nathan-stampfli-yetinc_-6&Prime; _builder_version=\u00a0\u00bb4.27.0&Prime; _module_preset=\u00a0\u00bbdefault\u00a0\u00bb custom_margin=\u00a0\u00bb10vh||10vh||true|false\u00a0\u00bb custom_margin_tablet=\u00a0\u00bb11vh||||false|false\u00a0\u00bb custom_margin_phone=\u00a0\u00bb5vh||0vh||false|false\u00a0\u00bb custom_margin_last_edited=\u00a0\u00bbon|phone\u00a0\u00bb border_radii=\u00a0\u00bboff||45px|45px|\u00a0\u00bb global_colors_info=\u00a0\u00bb{}\u00a0\u00bb][\/et_pb_image][\/et_pb_column][et_pb_column type=\u00a0\u00bb1_2&Prime; _builder_version=\u00a0\u00bb4.26.0&Prime; _module_preset=\u00a0\u00bbdefault\u00a0\u00bb global_colors_info=\u00a0\u00bb{}\u00a0\u00bb][et_pb_text _builder_version=\u00a0\u00bb4.27.0&Prime; _module_preset=\u00a0\u00bbdefault\u00a0\u00bb custom_margin=\u00a0\u00bb27vh|10vh|2vh|0px|false|false\u00a0\u00bb custom_margin_tablet=\u00a0\u00bb18vh||0px|12vw|false|false\u00a0\u00bb custom_margin_phone=\u00a0\u00bb0vh|2vh|0px|2vh|false|false\u00a0\u00bb custom_margin_last_edited=\u00a0\u00bbon|phone\u00a0\u00bb custom_padding=\u00a0\u00bb|||0px|false|false\u00a0\u00bb header_2_font_size_tablet=\u00a0\u00bb35px\u00a0\u00bb global_colors_info=\u00a0\u00bb{}\u00a0\u00bb]<\/p>\n<h2><span style=\"color: #ffffff;\">Articles de Presse du Dr m\u00e9d. Vincent Villa (FMH)<\/span><\/h2>\n<p>[\/et_pb_text][et_pb_text _builder_version=\u00a0\u00bb4.27.0&Prime; _module_preset=\u00a0\u00bbdefault\u00a0\u00bb text_font_size=\u00a0\u00bb17px\u00a0\u00bb custom_margin=\u00a0\u00bb|10vh|5vh|0px|false|false\u00a0\u00bb custom_margin_tablet=\u00a0\u00bb||5vh|0px|false|false\u00a0\u00bb custom_margin_phone=\u00a0\u00bb2vh|2vh|5vh|2vh|false|false\u00a0\u00bb custom_margin_last_edited=\u00a0\u00bbon|phone\u00a0\u00bb global_colors_info=\u00a0\u00bb{}\u00a0\u00bb]<span style=\"color: #ffffff;\">D\u00e9couvrez les articles de presse du Dr. m\u00e9d Vincent Villa (FMH) en r\u00e9sum\u00e9 dans cette section<\/span>[\/et_pb_text][et_pb_button button_url=\u00a0\u00bb@ET-DC@eyJkeW5hbWljIjp0cnVlLCJjb250ZW50IjoicG9zdF9saW5rX3VybF9wYWdlIiwic2V0dGluZ3MiOnsicG9zdF9pZCI6IjI5OTYyIn19@\u00a0\u00bb button_text=\u00a0\u00bbTous les articles de presse\u00a0\u00bb _builder_version=\u00a0\u00bb4.27.0&Prime; _dynamic_attributes=\u00a0\u00bbbutton_url\u00a0\u00bb _module_preset=\u00a0\u00bbdefault\u00a0\u00bb custom_button=\u00a0\u00bbon\u00a0\u00bb button_text_size=\u00a0\u00bb22px\u00a0\u00bb button_text_color=\u00a0\u00bb#FFFFFF\u00a0\u00bb custom_margin=\u00a0\u00bb||7vh|0px|false|false\u00a0\u00bb custom_margin_tablet=\u00a0\u00bb||7vh|0px|false|false\u00a0\u00bb custom_margin_phone=\u00a0\u00bb||5vh|2vh|false|false\u00a0\u00bb custom_margin_last_edited=\u00a0\u00bbon|phone\u00a0\u00bb custom_padding=\u00a0\u00bb2vh|4vh|2vh|4vh|true|true\u00a0\u00bb custom_padding_tablet=\u00a0\u00bb2vh|4vh|2vh|4vh|true|true\u00a0\u00bb custom_padding_phone=\u00a0\u00bb1vh|3vh|1vh|3vh|true|true\u00a0\u00bb custom_padding_last_edited=\u00a0\u00bbon|phone\u00a0\u00bb global_colors_info=\u00a0\u00bb{}\u00a0\u00bb][\/et_pb_button][\/et_pb_column][\/et_pb_row][\/et_pb_section][et_pb_section fb_built=\u00a0\u00bb1&Prime; _builder_version=\u00a0\u00bb4.26.1&Prime; _module_preset=\u00a0\u00bbdefault\u00a0\u00bb background_color=\u00a0\u00bb#000000&Prime; custom_padding=\u00a0\u00bb10px||10px||false|false\u00a0\u00bb global_colors_info=\u00a0\u00bb{}\u00a0\u00bb][et_pb_row column_structure=\u00a0\u00bb1_2,1_2&Prime; _builder_version=\u00a0\u00bb4.26.1&Prime; _module_preset=\u00a0\u00bbdefault\u00a0\u00bb background_color=\u00a0\u00bb#1b2e44&Prime; width=\u00a0\u00bb99%\u00a0\u00bb max_width=\u00a0\u00bb2560px\u00a0\u00bb module_alignment=\u00a0\u00bbright\u00a0\u00bb custom_margin=\u00a0\u00bb||||false|false\u00a0\u00bb border_radii=\u00a0\u00bboff|45px|||45px\u00a0\u00bb global_colors_info=\u00a0\u00bb{}\u00a0\u00bb][et_pb_column type=\u00a0\u00bb1_2&Prime; _builder_version=\u00a0\u00bb4.26.0&Prime; _module_preset=\u00a0\u00bbdefault\u00a0\u00bb global_colors_info=\u00a0\u00bb{}\u00a0\u00bb][et_pb_text _builder_version=\u00a0\u00bb4.27.0&Prime; _module_preset=\u00a0\u00bbdefault\u00a0\u00bb custom_margin=\u00a0\u00bb28vh||2vh|10vh|false|false\u00a0\u00bb custom_margin_tablet=\u00a0\u00bb18vh||0px|12vw|false|false\u00a0\u00bb custom_margin_phone=\u00a0\u00bb6vh|2vh|0px|2vh|false|false\u00a0\u00bb custom_margin_last_edited=\u00a0\u00bbon|phone\u00a0\u00bb custom_padding=\u00a0\u00bb|||0px|false|false\u00a0\u00bb header_2_font_size_tablet=\u00a0\u00bb35px\u00a0\u00bb global_colors_info=\u00a0\u00bb{}\u00a0\u00bb]<\/p>\n<h2><span style=\"color: #ffffff;\">Articles scientifiques du Dr m\u00e9d. Vincent Villa (FMH)<\/span><\/h2>\n<p>[\/et_pb_text][et_pb_text _builder_version=\u00a0\u00bb4.27.0&Prime; _module_preset=\u00a0\u00bbdefault\u00a0\u00bb text_font_size=\u00a0\u00bb17px\u00a0\u00bb custom_margin=\u00a0\u00bb||5vh|10vh|false|false\u00a0\u00bb custom_margin_tablet=\u00a0\u00bb||5vh|10vh|false|false\u00a0\u00bb custom_margin_phone=\u00a0\u00bb2vh|2vh|5vh|2vh|false|true\u00a0\u00bb custom_margin_last_edited=\u00a0\u00bbon|phone\u00a0\u00bb global_colors_info=\u00a0\u00bb{}\u00a0\u00bb]<span style=\"color: #ffffff;\">D\u00e9couvrez les articles scientifiques du Dr. m\u00e9d Vincent Villa (FMH) en r\u00e9sum\u00e9 dans cette section<\/span>[\/et_pb_text][et_pb_button button_url=\u00a0\u00bb@ET-DC@eyJkeW5hbWljIjp0cnVlLCJjb250ZW50IjoicG9zdF9saW5rX3VybF9wYWdlIiwic2V0dGluZ3MiOnsicG9zdF9pZCI6IjI5OTYwIn19@\u00a0\u00bb button_text=\u00a0\u00bbTous les articles scientifiques\u00a0\u00bb _builder_version=\u00a0\u00bb4.27.0&Prime; _dynamic_attributes=\u00a0\u00bbbutton_url\u00a0\u00bb _module_preset=\u00a0\u00bbdefault\u00a0\u00bb custom_button=\u00a0\u00bbon\u00a0\u00bb button_text_size=\u00a0\u00bb22px\u00a0\u00bb button_text_color=\u00a0\u00bb#FFFFFF\u00a0\u00bb custom_margin=\u00a0\u00bb|||10vh|false|false\u00a0\u00bb custom_margin_tablet=\u00a0\u00bb||10vh|10vh|false|false\u00a0\u00bb custom_margin_phone=\u00a0\u00bb|2vh|3vh|2vh|false|false\u00a0\u00bb custom_margin_last_edited=\u00a0\u00bbon|phone\u00a0\u00bb custom_padding=\u00a0\u00bb2vh|4vh|2vh|4vh|true|true\u00a0\u00bb custom_padding_tablet=\u00a0\u00bb2vh|4vh|2vh|4vh|true|true\u00a0\u00bb custom_padding_phone=\u00a0\u00bb1vh|3vh|1vh|3vh|true|true\u00a0\u00bb custom_padding_last_edited=\u00a0\u00bbon|phone\u00a0\u00bb global_colors_info=\u00a0\u00bb{}\u00a0\u00bb][\/et_pb_button][\/et_pb_column][et_pb_column type=\u00a0\u00bb1_2&Prime; _builder_version=\u00a0\u00bb4.26.0&Prime; _module_preset=\u00a0\u00bbdefault\u00a0\u00bb global_colors_info=\u00a0\u00bb{}\u00a0\u00bb][et_pb_image src=\u00a0\u00bbhttps:\/\/drvincentvilla.ch\/wp-content\/uploads\/2024\/07\/ROSA-photo-par-Nathan-Stampfli-Yetinc_-3.jpg\u00a0\u00bb title_text=\u00a0\u00bbROSA &#8211; photo par Nathan Stampfli &#8211; Yetinc_-3&Prime; _builder_version=\u00a0\u00bb4.27.0&Prime; _module_preset=\u00a0\u00bbdefault\u00a0\u00bb custom_margin=\u00a0\u00bb10vh||10vh||true|false\u00a0\u00bb custom_margin_tablet=\u00a0\u00bb11vh||||false|false\u00a0\u00bb custom_margin_phone=\u00a0\u00bb0vh||4vh||false|false\u00a0\u00bb custom_margin_last_edited=\u00a0\u00bbon|phone\u00a0\u00bb border_radii=\u00a0\u00bboff|45px|||45px\u00a0\u00bb global_colors_info=\u00a0\u00bb{}\u00a0\u00bb][\/et_pb_image][\/et_pb_column][\/et_pb_row][\/et_pb_section][et_pb_section fb_built=\u00a0\u00bb1&Prime; _builder_version=\u00a0\u00bb4.26.1&Prime; _module_preset=\u00a0\u00bbdefault\u00a0\u00bb background_color=\u00a0\u00bb#000000&Prime; custom_padding=\u00a0\u00bb10px||10px||false|false\u00a0\u00bb global_colors_info=\u00a0\u00bb{}\u00a0\u00bb][et_pb_row column_structure=\u00a0\u00bb1_2,1_2&Prime; _builder_version=\u00a0\u00bb4.26.1&Prime; _module_preset=\u00a0\u00bbdefault\u00a0\u00bb background_color=\u00a0\u00bb#519872&Prime; width=\u00a0\u00bb99%\u00a0\u00bb max_width=\u00a0\u00bb2560px\u00a0\u00bb module_alignment=\u00a0\u00bbright\u00a0\u00bb custom_margin=\u00a0\u00bb||||false|false\u00a0\u00bb border_radii=\u00a0\u00bboff|45px|||45px\u00a0\u00bb global_colors_info=\u00a0\u00bb{}\u00a0\u00bb][et_pb_column type=\u00a0\u00bb1_2&Prime; _builder_version=\u00a0\u00bb4.26.0&Prime; _module_preset=\u00a0\u00bbdefault\u00a0\u00bb global_colors_info=\u00a0\u00bb{}\u00a0\u00bb][et_pb_image src=\u00a0\u00bbhttps:\/\/drvincentvilla.ch\/wp-content\/uploads\/2024\/08\/Conferences-Dr-Villa.png\u00a0\u00bb title_text=\u00a0\u00bbConferences Dr Villa\u00a0\u00bb _builder_version=\u00a0\u00bb4.27.0&Prime; _module_preset=\u00a0\u00bbdefault\u00a0\u00bb custom_margin=\u00a0\u00bb10vh||10vh||true|false\u00a0\u00bb custom_margin_tablet=\u00a0\u00bb11vh||||false|false\u00a0\u00bb custom_margin_phone=\u00a0\u00bb4vh|2vh|0vh||false|false\u00a0\u00bb custom_margin_last_edited=\u00a0\u00bbon|phone\u00a0\u00bb border_radii=\u00a0\u00bboff||45px|45px|\u00a0\u00bb global_colors_info=\u00a0\u00bb{}\u00a0\u00bb][\/et_pb_image][\/et_pb_column][et_pb_column type=\u00a0\u00bb1_2&Prime; _builder_version=\u00a0\u00bb4.26.0&Prime; _module_preset=\u00a0\u00bbdefault\u00a0\u00bb global_colors_info=\u00a0\u00bb{}\u00a0\u00bb][et_pb_text _builder_version=\u00a0\u00bb4.27.0&Prime; _module_preset=\u00a0\u00bbdefault\u00a0\u00bb custom_margin=\u00a0\u00bb18vh|10vh|2vh|0px|false|false\u00a0\u00bb custom_margin_tablet=\u00a0\u00bb18vh||0px|12vw|false|false\u00a0\u00bb custom_margin_phone=\u00a0\u00bb0vh|10vh|0px|2vh|false|false\u00a0\u00bb custom_margin_last_edited=\u00a0\u00bbon|phone\u00a0\u00bb custom_padding=\u00a0\u00bb|||0px|false|false\u00a0\u00bb header_2_font_size_tablet=\u00a0\u00bb35px\u00a0\u00bb global_colors_info=\u00a0\u00bb{}\u00a0\u00bb]<\/p>\n<h2><span style=\"color: #ffffff;\">D\u00e9couvrir les conf\u00e9rences pr\u00e9sent\u00e9es par le Dr. m\u00e9d Vincent Villa (FMH)<\/span><\/h2>\n<p>[\/et_pb_text][et_pb_text _builder_version=\u00a0\u00bb4.27.0&Prime; _module_preset=\u00a0\u00bbdefault\u00a0\u00bb text_font_size=\u00a0\u00bb17px\u00a0\u00bb custom_margin=\u00a0\u00bb|10vh|13vh|0px|false|false\u00a0\u00bb custom_margin_tablet=\u00a0\u00bb||5vh|0px|false|false\u00a0\u00bb custom_margin_phone=\u00a0\u00bb2vh||5vh|2vh|false|false\u00a0\u00bb custom_margin_last_edited=\u00a0\u00bbon|phone\u00a0\u00bb global_colors_info=\u00a0\u00bb{}\u00a0\u00bb]<span style=\"color: #ffffff;\">D\u00e9couvrez les conf\u00e9rences du Dr. m\u00e9d Vincent Villa (FMH) en r\u00e9sum\u00e9 dans cette section<\/span>[\/et_pb_text][et_pb_button button_url=\u00a0\u00bb@ET-DC@eyJkeW5hbWljIjp0cnVlLCJjb250ZW50IjoicG9zdF9saW5rX3VybF9wYWdlIiwic2V0dGluZ3MiOnsicG9zdF9pZCI6IjI5OTY0In19@\u00a0\u00bb button_text=\u00a0\u00bbToutes les conf\u00e9rences\u00a0\u00bb _builder_version=\u00a0\u00bb4.27.0&Prime; _dynamic_attributes=\u00a0\u00bbbutton_url\u00a0\u00bb _module_preset=\u00a0\u00bbdefault\u00a0\u00bb custom_button=\u00a0\u00bbon\u00a0\u00bb button_text_size=\u00a0\u00bb22px\u00a0\u00bb button_text_color=\u00a0\u00bb#FFFFFF\u00a0\u00bb custom_margin=\u00a0\u00bb||7vh|0px|false|false\u00a0\u00bb custom_margin_tablet=\u00a0\u00bb||7vh|0px|false|false\u00a0\u00bb custom_margin_phone=\u00a0\u00bb|2vh|7vh|2vh|false|false\u00a0\u00bb custom_margin_last_edited=\u00a0\u00bbon|phone\u00a0\u00bb custom_padding=\u00a0\u00bb2vh|4vh|2vh|4vh|true|true\u00a0\u00bb custom_padding_tablet=\u00a0\u00bb2vh|4vh|2vh|4vh|true|true\u00a0\u00bb custom_padding_phone=\u00a0\u00bb1vh|3vh|1vh|3vh|true|true\u00a0\u00bb custom_padding_last_edited=\u00a0\u00bbon|phone\u00a0\u00bb global_colors_info=\u00a0\u00bb{}\u00a0\u00bb][\/et_pb_button][\/et_pb_column][\/et_pb_row][\/et_pb_section]<\/p>\n","protected":false},"excerpt":{"rendered":"<p>Dr. m\u00e9d Vincent Villa (FMH)Chirurgien Orthop\u00e9diste FMH, traumatologue et\u00a0sp\u00e9cialiste en chirurgie de la hanche, du genou, du sport et de l\u2019arthrose \u00ab\u2009Je veux redonner \u00e0 la chirurgie une dimension plus humaine\u2009\u00bb Fort d\u2019une longue exp\u00e9rience en chirurgie orthop\u00e9dique, le docteur Villa d\u00e9pose ses valises sur les rives du lac de Neuch\u00e2tel en 2014. Il ouvre [&hellip;]<\/p>\n","protected":false},"author":4,"featured_media":0,"parent":29037,"menu_order":0,"comment_status":"closed","ping_status":"closed","template":"","meta":{"_et_pb_use_builder":"on","_et_pb_old_content":"","_et_gb_content_width":"","footnotes":""},"class_list":["post-29430","page","type-page","status-publish","hentry"],"yoast_head":"<!-- This site is optimized with the Yoast SEO plugin v27.5 - https:\/\/yoast.com\/product\/yoast-seo-wordpress\/ -->\n<title>Dr Vincent Villa - Dr Vincent Villa - Chirurgien orthop\u00e9diste<\/title>\n<meta name=\"description\" content=\"Dr. Vincent Villa, chirurgien orthop\u00e9dique FMH, sp\u00e9cialiste en hanche, genou, sport et arthrose, fondateur du Centre Ost\u00e9o Articulaire LIV ORTHO. Depuis 2014 \u00e0 Neuch\u00e2tel, il allie expertise m\u00e9dicale et dimension humaine, inspir\u00e9 par son p\u00e8re, rhumatologue.\" \/>\n<meta name=\"robots\" content=\"index, follow, max-snippet:-1, max-image-preview:large, max-video-preview:-1\" \/>\n<link rel=\"canonical\" href=\"https:\/\/drvincentvilla.ch\/en\/entreprise\/equipe\/dr-vincent-villa\/\" \/>\n<meta property=\"og:locale\" content=\"en_GB\" \/>\n<meta property=\"og:type\" content=\"article\" \/>\n<meta property=\"og:title\" content=\"Dr Vincent Villa - Dr Vincent Villa - Chirurgien orthop\u00e9diste\" \/>\n<meta property=\"og:description\" content=\"Dr. Vincent Villa, chirurgien orthop\u00e9dique FMH, sp\u00e9cialiste en hanche, genou, sport et arthrose, fondateur du Centre Ost\u00e9o Articulaire LIV ORTHO. Depuis 2014 \u00e0 Neuch\u00e2tel, il allie expertise m\u00e9dicale et dimension humaine, inspir\u00e9 par son p\u00e8re, rhumatologue.\" \/>\n<meta property=\"og:url\" content=\"https:\/\/drvincentvilla.ch\/en\/entreprise\/equipe\/dr-vincent-villa\/\" \/>\n<meta property=\"og:site_name\" content=\"Dr Vincent Villa - Chirurgien orthop\u00e9diste\" \/>\n<meta property=\"article:modified_time\" content=\"2025-01-22T11:02:55+00:00\" \/>\n<meta name=\"twitter:card\" content=\"summary_large_image\" \/>\n<meta name=\"twitter:label1\" content=\"Estimated reading time\" \/>\n\t<meta name=\"twitter:data1\" content=\"7 minutes\" \/>\n<script type=\"application\/ld+json\" class=\"yoast-schema-graph\">{\"@context\":\"https:\\\/\\\/schema.org\",\"@graph\":[{\"@type\":\"WebPage\",\"@id\":\"https:\\\/\\\/drvincentvilla.ch\\\/entreprise\\\/equipe\\\/dr-vincent-villa\\\/\",\"url\":\"https:\\\/\\\/drvincentvilla.ch\\\/entreprise\\\/equipe\\\/dr-vincent-villa\\\/\",\"name\":\"Dr Vincent Villa - Dr Vincent Villa - Chirurgien orthop\u00e9diste\",\"isPartOf\":{\"@id\":\"https:\\\/\\\/drvincentvilla.ch\\\/#website\"},\"datePublished\":\"2024-07-24T08:04:45+00:00\",\"dateModified\":\"2025-01-22T11:02:55+00:00\",\"description\":\"Dr. Vincent Villa, chirurgien orthop\u00e9dique FMH, sp\u00e9cialiste en hanche, genou, sport et arthrose, fondateur du Centre Ost\u00e9o Articulaire LIV ORTHO. Depuis 2014 \u00e0 Neuch\u00e2tel, il allie expertise m\u00e9dicale et dimension humaine, inspir\u00e9 par son p\u00e8re, rhumatologue.\",\"breadcrumb\":{\"@id\":\"https:\\\/\\\/drvincentvilla.ch\\\/entreprise\\\/equipe\\\/dr-vincent-villa\\\/#breadcrumb\"},\"inLanguage\":\"en-GB\",\"potentialAction\":[{\"@type\":\"ReadAction\",\"target\":[\"https:\\\/\\\/drvincentvilla.ch\\\/entreprise\\\/equipe\\\/dr-vincent-villa\\\/\"]}]},{\"@type\":\"BreadcrumbList\",\"@id\":\"https:\\\/\\\/drvincentvilla.ch\\\/entreprise\\\/equipe\\\/dr-vincent-villa\\\/#breadcrumb\",\"itemListElement\":[{\"@type\":\"ListItem\",\"position\":1,\"name\":\"Accueil\",\"item\":\"https:\\\/\\\/drvincentvilla.ch\\\/\"},{\"@type\":\"ListItem\",\"position\":2,\"name\":\"Entreprise\",\"item\":\"https:\\\/\\\/drvincentvilla.ch\\\/entreprise\\\/\"},{\"@type\":\"ListItem\",\"position\":3,\"name\":\"Equipe\",\"item\":\"https:\\\/\\\/drvincentvilla.ch\\\/entreprise\\\/equipe\\\/\"},{\"@type\":\"ListItem\",\"position\":4,\"name\":\"Dr Vincent Villa\"}]},{\"@type\":\"WebSite\",\"@id\":\"https:\\\/\\\/drvincentvilla.ch\\\/#website\",\"url\":\"https:\\\/\\\/drvincentvilla.ch\\\/\",\"name\":\"Dr Vincent Villa - Chirurgien orthop\u00e9diste\",\"description\":\"Le patient d&#039;abord\",\"potentialAction\":[{\"@type\":\"SearchAction\",\"target\":{\"@type\":\"EntryPoint\",\"urlTemplate\":\"https:\\\/\\\/drvincentvilla.ch\\\/?s={search_term_string}\"},\"query-input\":{\"@type\":\"PropertyValueSpecification\",\"valueRequired\":true,\"valueName\":\"search_term_string\"}}],\"inLanguage\":\"en-GB\"}]}<\/script>\n<!-- \/ Yoast SEO plugin. -->","yoast_head_json":{"title":"Dr Vincent Villa - Dr Vincent Villa - Chirurgien orthop\u00e9diste","description":"Dr. Vincent Villa, chirurgien orthop\u00e9dique FMH, sp\u00e9cialiste en hanche, genou, sport et arthrose, fondateur du Centre Ost\u00e9o Articulaire LIV ORTHO. Depuis 2014 \u00e0 Neuch\u00e2tel, il allie expertise m\u00e9dicale et dimension humaine, inspir\u00e9 par son p\u00e8re, rhumatologue.","robots":{"index":"index","follow":"follow","max-snippet":"max-snippet:-1","max-image-preview":"max-image-preview:large","max-video-preview":"max-video-preview:-1"},"canonical":"https:\/\/drvincentvilla.ch\/en\/entreprise\/equipe\/dr-vincent-villa\/","og_locale":"en_GB","og_type":"article","og_title":"Dr Vincent Villa - Dr Vincent Villa - Chirurgien orthop\u00e9diste","og_description":"Dr. Vincent Villa, chirurgien orthop\u00e9dique FMH, sp\u00e9cialiste en hanche, genou, sport et arthrose, fondateur du Centre Ost\u00e9o Articulaire LIV ORTHO. Depuis 2014 \u00e0 Neuch\u00e2tel, il allie expertise m\u00e9dicale et dimension humaine, inspir\u00e9 par son p\u00e8re, rhumatologue.","og_url":"https:\/\/drvincentvilla.ch\/en\/entreprise\/equipe\/dr-vincent-villa\/","og_site_name":"Dr Vincent Villa - Chirurgien orthop\u00e9diste","article_modified_time":"2025-01-22T11:02:55+00:00","twitter_card":"summary_large_image","twitter_misc":{"Estimated reading time":"7 minutes"},"schema":{"@context":"https:\/\/schema.org","@graph":[{"@type":"WebPage","@id":"https:\/\/drvincentvilla.ch\/entreprise\/equipe\/dr-vincent-villa\/","url":"https:\/\/drvincentvilla.ch\/entreprise\/equipe\/dr-vincent-villa\/","name":"Dr Vincent Villa - Dr Vincent Villa - Chirurgien orthop\u00e9diste","isPartOf":{"@id":"https:\/\/drvincentvilla.ch\/#website"},"datePublished":"2024-07-24T08:04:45+00:00","dateModified":"2025-01-22T11:02:55+00:00","description":"Dr. Vincent Villa, chirurgien orthop\u00e9dique FMH, sp\u00e9cialiste en hanche, genou, sport et arthrose, fondateur du Centre Ost\u00e9o Articulaire LIV ORTHO. Depuis 2014 \u00e0 Neuch\u00e2tel, il allie expertise m\u00e9dicale et dimension humaine, inspir\u00e9 par son p\u00e8re, rhumatologue.","breadcrumb":{"@id":"https:\/\/drvincentvilla.ch\/entreprise\/equipe\/dr-vincent-villa\/#breadcrumb"},"inLanguage":"en-GB","potentialAction":[{"@type":"ReadAction","target":["https:\/\/drvincentvilla.ch\/entreprise\/equipe\/dr-vincent-villa\/"]}]},{"@type":"BreadcrumbList","@id":"https:\/\/drvincentvilla.ch\/entreprise\/equipe\/dr-vincent-villa\/#breadcrumb","itemListElement":[{"@type":"ListItem","position":1,"name":"Accueil","item":"https:\/\/drvincentvilla.ch\/"},{"@type":"ListItem","position":2,"name":"Entreprise","item":"https:\/\/drvincentvilla.ch\/entreprise\/"},{"@type":"ListItem","position":3,"name":"Equipe","item":"https:\/\/drvincentvilla.ch\/entreprise\/equipe\/"},{"@type":"ListItem","position":4,"name":"Dr Vincent Villa"}]},{"@type":"WebSite","@id":"https:\/\/drvincentvilla.ch\/#website","url":"https:\/\/drvincentvilla.ch\/","name":"Dr Vincent Villa - Chirurgien orthop\u00e9diste","description":"Le patient d&#039;abord","potentialAction":[{"@type":"SearchAction","target":{"@type":"EntryPoint","urlTemplate":"https:\/\/drvincentvilla.ch\/?s={search_term_string}"},"query-input":{"@type":"PropertyValueSpecification","valueRequired":true,"valueName":"search_term_string"}}],"inLanguage":"en-GB"}]}},"_links":{"self":[{"href":"https:\/\/drvincentvilla.ch\/en\/wp-json\/wp\/v2\/pages\/29430","targetHints":{"allow":["GET"]}}],"collection":[{"href":"https:\/\/drvincentvilla.ch\/en\/wp-json\/wp\/v2\/pages"}],"about":[{"href":"https:\/\/drvincentvilla.ch\/en\/wp-json\/wp\/v2\/types\/page"}],"author":[{"embeddable":true,"href":"https:\/\/drvincentvilla.ch\/en\/wp-json\/wp\/v2\/users\/4"}],"replies":[{"embeddable":true,"href":"https:\/\/drvincentvilla.ch\/en\/wp-json\/wp\/v2\/comments?post=29430"}],"version-history":[{"count":12,"href":"https:\/\/drvincentvilla.ch\/en\/wp-json\/wp\/v2\/pages\/29430\/revisions"}],"predecessor-version":[{"id":30741,"href":"https:\/\/drvincentvilla.ch\/en\/wp-json\/wp\/v2\/pages\/29430\/revisions\/30741"}],"up":[{"embeddable":true,"href":"https:\/\/drvincentvilla.ch\/en\/wp-json\/wp\/v2\/pages\/29037"}],"wp:attachment":[{"href":"https:\/\/drvincentvilla.ch\/en\/wp-json\/wp\/v2\/media?parent=29430"}],"curies":[{"name":"wp","href":"https:\/\/api.w.org\/{rel}","templated":true}]}}